{"id":102616,"date":"2024-07-23T10:28:26","date_gmt":"2024-07-23T08:28:26","guid":{"rendered":"https:\/\/www.s-cab.it\/pagina-di-esempio\/"},"modified":"2026-04-29T10:13:19","modified_gmt":"2026-04-29T08:13:19","slug":"pagina-di-esempio","status":"publish","type":"page","link":"https:\/\/www.s-cab.it\/de\/","title":{"rendered":"Home"},"content":{"rendered":"\n\n<div id=\"block_d5a2cc70914bde93e9ed0880732386e4-blocco_hero_banner\" class=\"fadeOnScreen container-fluid block_banner_hero block_publifarm\">\n   \n                <h1 style=\"color:#fafaf7;\" class=\"splitting-txt titolo_blocco_banner  link_nav_big \"><\/h1>\n                  <div class=\"fadeOnScreen yt-embed-img_anteprima_1 blocco_immagini_sfalsate_video\" >\n    <video  width=\"560\" height=\"315\" autoplay loop muted playsinline style=\"pointer-events: none;\" class=\"html5_video_player\">\n        <source src=\"https:\/\/www.s-cab.it\/wp-content\/uploads\/2026\/04\/scab_salone26_teaser_header.mp4\" type=\"video\/mp4\" \/>\n    <\/video>\n    <div class=\"yt-embed-overlay\"><\/div>\n    \n    <\/div>        <\/div>\n\n\n<div style=\"height:31px\" aria-hidden=\"true\" class=\"wp-block-spacer\"><\/div>\n\n\n\n<section class=\"wp-block-evidenzio-columns\"><div class=\"container-fluid\"><div class=\"row\">\n<div class=\"wp-block-evidenzio-column col-12 col-md-12 col-lg\">\n<h3 class=\"wp-block-heading\">Im Einklang mit der Idee eines m\u00fchelosen Lebens entwirft S\u2022CAB M\u00f6bel, die auf den Menschen abgestimmt sind. R\u00e4ume, die von einer diskreten und zeitgem\u00e4\u00dfen Eleganz gepr\u00e4gt sind und in denen M\u00f6bel zu Begleitern f\u00fcr Momente der Geselligkeit oder der Entspannung werden.<\/h3>\n\n\n\n<div style=\"height:41px\" aria-hidden=\"true\" class=\"wp-block-spacer\"><\/div>\n\n\n\n<div class=\"wp-block-group\"><div class=\"wp-block-group__inner-container is-layout-constrained wp-block-group-is-layout-constrained\">\n<div class=\"wp-block-group\"><div class=\"wp-block-group__inner-container is-layout-constrained wp-block-group-is-layout-constrained\">\n<section class=\"wp-block-evidenzio-columns box_livelli_differenti\"><div class=\"container-fluid\"><div class=\"row\">\n<div class=\"wp-block-evidenzio-column col-12 col-md-12 col-lg\">\n<section class=\"wp-block-evidenzio-columns\"><div class=\"container\"><div class=\"row\">\n<div class=\"wp-block-evidenzio-column col-12 col-md-12 col-lg\">\n<h3 class=\"wp-block-heading\"><a href=\"https:\/\/www.s-cab.it\/de\/welten-outdoor\/\" title=\"\">Design Outdoor<\/a><\/h3>\n<\/div>\n\n\n\n<div class=\"wp-block-evidenzio-column col-12 col-md-12 col-lg\">\n<p class=\"standard_text\"><a href=\"https:\/\/www.s-cab.it\/de\/welten-outdoor\/\" title=\"\">Geselligkeit<\/a><\/p>\n<\/div>\n<\/div><\/div><\/section>\n<\/div>\n\n\n\n<div class=\"wp-block-evidenzio-column col-12 col-md-12 col-lg\">\n<section class=\"wp-block-evidenzio-columns\"><div class=\"container\"><div class=\"row\">\n<div class=\"wp-block-evidenzio-column col-12 col-md-12 col-lg\">\n<h3 class=\"wp-block-heading\"><a href=\"https:\/\/www.s-cab.it\/de\/welten-indoor\/\" title=\"\">Indoor<\/a><\/h3>\n<\/div>\n\n\n\n<div class=\"wp-block-evidenzio-column col-12 col-md-12 col-lg\">\n<p class=\"standard_text\"><a href=\"https:\/\/www.s-cab.it\/de\/welten-indoor\/\" title=\"\">Willkommen<\/a><\/p>\n<\/div>\n<\/div><\/div><\/section>\n<\/div>\n\n\n\n<div class=\"wp-block-evidenzio-column col-12 col-md-12 col-lg\">\n<section class=\"wp-block-evidenzio-columns\"><div class=\"container-fluid\"><div class=\"row\">\n<div class=\"wp-block-evidenzio-column col-12 col-md-12 col-lg\">\n<h3 class=\"wp-block-heading\"><a href=\"https:\/\/www.s-cab.it\/de\/welten-workspace\/\" title=\"\">Workspace<\/a><\/h3>\n<\/div>\n\n\n\n<div class=\"wp-block-evidenzio-column col-12 col-md-12 col-lg\">\n<p class=\"standard_text\"><a href=\"https:\/\/www.s-cab.it\/de\/welten-workspace\/\" title=\"\">Teilen<\/a><\/p>\n<\/div>\n<\/div><\/div><\/section>\n<\/div>\n<\/div><\/div><\/section>\n<\/div><\/div>\n<\/div><\/div>\n<\/div>\n<\/div><\/div><\/section>\n\n\n\n<div style=\"height:54px\" aria-hidden=\"true\" class=\"wp-block-spacer\"><\/div>\n\n\n<div id=\"block_cefc71317c71f09b62e92633a8556dc5-blocco_preview_news\" class=\"fadeOnScreen container-fluid block_preview_new block_publifarm\" style=\"background-color:#fff7be\">\n\n<div class=\"container-fluid title_wrp\">\n    <div class=\"row\">\n        <h3 class=\"wp-block-heading col col-sm-12\" style=\"color:#030303\">Highlights<\/h3>\n    <\/div>\n<\/div>\n\n        <div class=\"swiper mySwiper swiper_news_preview\">\n        <div class=\"swiper-wrapper\">\n                            <a class=\"single_news_evidenza swiper-slide\" href=\"https:\/\/www.s-cab.it\/de\/salone-del-mobile-2026\/\">\n                <img decoding=\"async\" loading=\"lazy\" class=\"\" src=\"https:\/\/www.s-cab.it\/wp-content\/uploads\/2026\/04\/scab_salone2026_stand_cover-835x0-c-default.webp\" \/>\n                <div class=\"labels_wrp\">\n                    <span class=\"label_titlo_1 standard_label standard_label_title\">Salone del Mobile 2026<\/span>                                   <\/div>\n            <\/a>\n                            <a class=\"single_news_evidenza swiper-slide\" href=\"https:\/\/www.s-cab.it\/de\/newsbook-2026-slow-flow\/\">\n                <img decoding=\"async\" loading=\"lazy\" class=\"\" src=\"https:\/\/www.s-cab.it\/wp-content\/uploads\/2026\/04\/scab-news-newsbook2026-cover-835x0-c-default.webp\" \/>\n                <div class=\"labels_wrp\">\n                    <span class=\"label_titlo_1 standard_label standard_label_title\">Newsbook 2026 \u2013 Slow Flow<\/span>                                   <\/div>\n            <\/a>\n                            <a class=\"single_news_evidenza swiper-slide\" href=\"https:\/\/www.s-cab.it\/de\/salone-del-mobile-milan-2026\/\">\n                <img decoding=\"async\" loading=\"lazy\" class=\"\" src=\"https:\/\/www.s-cab.it\/wp-content\/uploads\/2026\/03\/scab_invito_2026_anteprima-scaled-835x0-c-default.webp\" \/>\n                <div class=\"labels_wrp\">\n                    <span class=\"label_titlo_1 standard_label standard_label_title\">Salone del Mobile.Milan 2026<\/span>                                   <\/div>\n            <\/a>\n                            <a class=\"single_news_evidenza swiper-slide\" href=\"https:\/\/www.s-cab.it\/de\/changing-perspectives\/\">\n                <img decoding=\"async\" loading=\"lazy\" class=\"\" src=\"https:\/\/www.s-cab.it\/wp-content\/uploads\/2026\/03\/SCAB_Koala_open_NEWS_01-835x0-c-default.webp\" \/>\n                <div class=\"labels_wrp\">\n                    <span class=\"label_titlo_1 standard_label standard_label_title\">Changing Perspectives<\/span>                                   <\/div>\n            <\/a>\n                            <a class=\"single_news_evidenza swiper-slide\" href=\"https:\/\/www.s-cab.it\/de\/neuer-katalog-2026\/\">\n                <img decoding=\"async\" loading=\"lazy\" class=\"\" src=\"https:\/\/www.s-cab.it\/wp-content\/uploads\/2025\/11\/01_scab_catalog26-835x0-c-default.webp\" \/>\n                <div class=\"labels_wrp\">\n                    <span class=\"label_titlo_1 standard_label standard_label_title\">Neuer Katalog 2026<\/span>                                   <\/div>\n            <\/a>\n                <\/div>\n    <\/div>\n    \n<\/div>\n\n\n<section class=\"wp-block-evidenzio-columns has-colore-tema-3-color has-colore-tema-5-background-color has-text-color has-background has-link-color wp-elements-79359559ce9eaf2efad9de63009d9392\"><div class=\"container-fluid\"><div class=\"row\">\n<div class=\"wp-block-evidenzio-column col-12 col-md-12 col-lg\">\n<div style=\"height:20px\" aria-hidden=\"true\" class=\"wp-block-spacer\"><\/div>\n\n\n\n<h3 class=\"wp-block-heading\">Projekte<\/h3>\n\n\n\n<h3 class=\"wp-block-heading\">S\u2022CAB ist stolz darauf, ein p\u00fcnktliches und korrekt ausgef\u00fchrtes Projekt zu haben. Das Ergebnis einer kollektiven Arbeit, die zwar anspruchsvoll ist, aber alle, die an diesem Prozess beteiligt sind, zufrieden stellt.<\/h3>\n\n\n\n<div style=\"height:52px\" aria-hidden=\"true\" class=\"wp-block-spacer\"><\/div>\n<\/div>\n<\/div><\/div><\/section>\n\n\n<div id=\"block_8340fdb7e734dfb444150c4928350674-blocco_preview_realizzazioni\" class=\"fadeOnScreen container-fluid blocco_preview_realizzazioni block_publifarm\" style=\"background-color:#c9d6d6\">\n\n\n<div class=\"swiper mySwiper swiper_realizzazioni_preview\">\n    <div class=\"swiper-wrapper\">\n    \t    <a class=\"col col-sm-6 col-md-2 single_realizzazioni_evidenza swiper-slide\" href=\"https:\/\/www.s-cab.it\/de\/realizzazioni\/sweet-cafe\/\">\n\t\t    \n             <img decoding=\"async\" loading=\"lazy\" class=\"\" src=\"https:\/\/www.s-cab.it\/wp-content\/uploads\/2026\/02\/01-Sweet-Cafe\u2560C-Turi_PLaterza_22_WEB-835x600-c-default.webp\" \/>\n            <div class=\"labels_wrp\">\n            <div class=\"tags_wrp\">\n\n            \t\t\t\t\t<span class=\"standard_text_medium\">#Kaffeebar<\/span>\n\t\t\t\t         \n                            <\/div>\n<span class=\"standard_label\" style=\"background-color:transparent;\"><\/span>\n                <span class=\"label_titlo_1 titolo2\">Sweet Caf\u00e9<\/span>\n                \n            <\/div>\n\t\t<\/a>\n\t\t    <a class=\"col col-sm-6 col-md-2 single_realizzazioni_evidenza swiper-slide\" href=\"https:\/\/www.s-cab.it\/de\/realizzazioni\/realizzazione-moretti\/\">\n\t\t    \n             <img decoding=\"async\" loading=\"lazy\" class=\"\" src=\"https:\/\/www.s-cab.it\/wp-content\/uploads\/2025\/10\/Realizzazione-Moretti_1-835x600-c-default.webp\" \/>\n            <div class=\"labels_wrp\">\n            <div class=\"tags_wrp\">\n\n            \t\t\t\t\t<span class=\"standard_text_medium\">#Wohnen<\/span>\n\t\t\t\t         \n                            <\/div>\n<span class=\"standard_label\" style=\"background-color:transparent;\"><\/span>\n                <span class=\"label_titlo_1 titolo2\">Privathaus<\/span>\n                \n            <\/div>\n\t\t<\/a>\n\t\t    <a class=\"col col-sm-6 col-md-2 single_realizzazioni_evidenza swiper-slide\" href=\"https:\/\/www.s-cab.it\/de\/realizzazioni\/w-executive\/\">\n\t\t    \n             <img decoding=\"async\" loading=\"lazy\" class=\"\" src=\"https:\/\/www.s-cab.it\/wp-content\/uploads\/2026\/02\/01-dobleese-oficinasW-mariamira-7-835x600-c-default.webp\" \/>\n            <div class=\"labels_wrp\">\n            <div class=\"tags_wrp\">\n\n            \t\t\t\t\t<span class=\"standard_text_medium\">#Workspace<\/span>\n\t\t\t\t         \n                            <\/div>\n<span class=\"standard_label\" style=\"background-color:transparent;\"><\/span>\n                <span class=\"label_titlo_1 titolo2\">W EXECUTIVE<\/span>\n                \n            <\/div>\n\t\t<\/a>\n\t\t    <a class=\"col col-sm-6 col-md-2 single_realizzazioni_evidenza swiper-slide\" href=\"https:\/\/www.s-cab.it\/de\/realizzazioni\/hankel-international-school\/\">\n\t\t    \n             <img decoding=\"async\" loading=\"lazy\" class=\"\" src=\"https:\/\/www.s-cab.it\/wp-content\/uploads\/2025\/09\/Hankel-International-School_01-835x600-c-default.webp\" \/>\n            <div class=\"labels_wrp\">\n            <div class=\"tags_wrp\">\n\n            \t\t\t\t\t<span class=\"standard_text_medium\">#Workspace<\/span>\n\t\t\t\t         \n                            <\/div>\n<span class=\"standard_label\" style=\"background-color:transparent;\"><\/span>\n                <span class=\"label_titlo_1 titolo2\">Hankel International School<\/span>\n                \n            <\/div>\n\t\t<\/a>\n\t\t    <a class=\"col col-sm-6 col-md-2 single_realizzazioni_evidenza swiper-slide\" href=\"https:\/\/www.s-cab.it\/de\/realizzazioni\/lakeside-retreat\/\">\n\t\t    \n             <img decoding=\"async\" loading=\"lazy\" class=\"\" src=\"https:\/\/www.s-cab.it\/wp-content\/uploads\/2025\/09\/Lakeside-Retreat_01-835x600-c-default.webp\" \/>\n            <div class=\"labels_wrp\">\n            <div class=\"tags_wrp\">\n\n            \t\t\t\t\t<span class=\"standard_text_medium\">#Wohnen<\/span>\n\t\t\t\t         \n                            <\/div>\n<span class=\"standard_label\" style=\"background-color:transparent;\"><\/span>\n                <span class=\"label_titlo_1 titolo2\">Lakeside Retreat<\/span>\n                \n            <\/div>\n\t\t<\/a>\n\t\t    <a class=\"col col-sm-6 col-md-2 single_realizzazioni_evidenza swiper-slide\" href=\"https:\/\/www.s-cab.it\/de\/realizzazioni\/uffici-mccann-italien\/\">\n\t\t    \n             <img decoding=\"async\" loading=\"lazy\" class=\"\" src=\"https:\/\/www.s-cab.it\/wp-content\/uploads\/2024\/12\/scab-uffici-milanobernina-cover-835x600-c-default.webp\" \/>\n            <div class=\"labels_wrp\">\n            <div class=\"tags_wrp\">\n\n            \t\t\t\t\t<span class=\"standard_text_medium\">#Workspace<\/span>\n\t\t\t\t         \n                            <\/div>\n<span class=\"standard_label\" style=\"background-color:transparent;\">#workspace<\/span>\n                <span class=\"label_titlo_1 titolo2\">B\u00fcros McCann Italien<\/span>\n                \n            <\/div>\n\t\t<\/a>\n\t\t    <a class=\"col col-sm-6 col-md-2 single_realizzazioni_evidenza swiper-slide\" href=\"https:\/\/www.s-cab.it\/de\/realizzazioni\/giachino-66\/\">\n\t\t    \n             <img decoding=\"async\" loading=\"lazy\" class=\"\" src=\"https:\/\/www.s-cab.it\/wp-content\/uploads\/2024\/11\/scab-giachino66-torino-17-cover-835x600-c-default.webp\" \/>\n            <div class=\"labels_wrp\">\n            <div class=\"tags_wrp\">\n\n            \t\t\t\t\t<span class=\"standard_text_medium\">#Workspace<\/span>\n\t\t\t\t         \n                            <\/div>\n<span class=\"standard_label\" style=\"background-color:transparent;\">#Workspace<\/span>\n                <span class=\"label_titlo_1 titolo2\">Giachino 66<\/span>\n                \n            <\/div>\n\t\t<\/a>\n\t\t    <a class=\"col col-sm-6 col-md-2 single_realizzazioni_evidenza swiper-slide\" href=\"https:\/\/www.s-cab.it\/de\/realizzazioni\/il-laboratorio-dei-ricordi-casa-privata\/\">\n\t\t    \n             <img decoding=\"async\" loading=\"lazy\" class=\"\" src=\"https:\/\/www.s-cab.it\/wp-content\/uploads\/2025\/06\/RR_ARCH_BALANGERO_NOTTE_HDEF_01-web-835x600-c-default.webp\" \/>\n            <div class=\"labels_wrp\">\n            <div class=\"tags_wrp\">\n\n            \t\t\t\t\t<span class=\"standard_text_medium\">#Wohnen<\/span>\n\t\t\t\t         \n                            <\/div>\n<span class=\"standard_label\" style=\"background-color:transparent;\"><\/span>\n                <span class=\"label_titlo_1 titolo2\">Il Laboratorio dei Ricordi &#8211; Privathaus<\/span>\n                \n            <\/div>\n\t\t<\/a>\n\t\t    <a class=\"col col-sm-6 col-md-2 single_realizzazioni_evidenza swiper-slide\" href=\"https:\/\/www.s-cab.it\/de\/realizzazioni\/arbes-square-apartment\/\">\n\t\t    \n             <img decoding=\"async\" loading=\"lazy\" class=\"\" src=\"https:\/\/www.s-cab.it\/wp-content\/uploads\/2025\/09\/Formafatal_Byt_Arbesovo_namesti_BoysPlayNice_3_web-835x600-c-default.webp\" \/>\n            <div class=\"labels_wrp\">\n            <div class=\"tags_wrp\">\n\n            \t\t\t\t\t<span class=\"standard_text_medium\">#Wohnen<\/span>\n\t\t\t\t         \n                            <\/div>\n<span class=\"standard_label\" style=\"background-color:transparent;\"><\/span>\n                <span class=\"label_titlo_1 titolo2\">Arbes Square Apartment<\/span>\n                \n            <\/div>\n\t\t<\/a>\n\t    <\/div>\n<\/div>\n\n<\/div>\n\n<div id=\"block_9e900ae4c3d88a5d3715a58e7aaf0f5b-blocco_text_slider\" class=\"fadeOnScreen container-fluid blocco_text_slider block_publifarm\" style=\"background-color:#fff7be\">\n\n\n\n<div class=\"swiper swiper-container swiper-container-free-mode swiper_slider_text\" data-sliderspeed=\"5000\" data-sliderdelay:\"0\">\n    <div class=\"swiper-wrapper\">\n        <div class=\"swiper-slide \">\n            <a style=\"color:#030303\" href=\"https:\/\/www.s-cab.it\/selezione\/configuratore\/\" class=\"titolo2 standard_cta_animated \">\n                Konfigurieren Sie Ihr Produkt\n            <\/a>\n        <\/div>\n        <div class=\"swiper-slide \">\n            <a style=\"color:#030303\" href=\"https:\/\/www.s-cab.it\/selezione\/configuratore\/\" class=\"titolo2 standard_cta_animated \">\n                Konfigurieren Sie Ihr Produkt\n            <\/a>\n        <\/div>\n        <div class=\"swiper-slide \">\n            <a style=\"color:#030303\" href=\"https:\/\/www.s-cab.it\/selezione\/configuratore\/\" class=\"titolo2 standard_cta_animated \">\n                Konfigurieren Sie Ihr Produkt\n            <\/a>\n        <\/div>\n        <div class=\"swiper-slide \">\n            <a style=\"color:#030303\" href=\"https:\/\/www.s-cab.it\/selezione\/configuratore\/\" class=\"titolo2 standard_cta_animated \">\n                Konfigurieren Sie Ihr Produkt\n            <\/a>\n        <\/div>\n        <div class=\"swiper-slide \">\n            <a style=\"color:#030303\" href=\"https:\/\/www.s-cab.it\/selezione\/configuratore\/\" class=\"titolo2 standard_cta_animated \">\n                Konfigurieren Sie Ihr Produkt\n            <\/a>\n        <\/div>\n        <div class=\"swiper-slide \">\n            <a style=\"color:#030303\" href=\"https:\/\/www.s-cab.it\/selezione\/configuratore\/\" class=\"titolo2 standard_cta_animated \">\n                Konfigurieren Sie Ihr Produkt\n            <\/a>\n        <\/div>\n        <div class=\"swiper-slide \">\n            <a style=\"color:#030303\" href=\"https:\/\/www.s-cab.it\/selezione\/configuratore\/\" class=\"titolo2 standard_cta_animated \">\n                Konfigurieren Sie Ihr Produkt\n            <\/a>\n        <\/div>\n        <div class=\"swiper-slide \">\n            <a style=\"color:#030303\" href=\"https:\/\/www.s-cab.it\/selezione\/configuratore\/\" class=\"titolo2 standard_cta_animated \">\n                Konfigurieren Sie Ihr Produkt\n            <\/a>\n        <\/div>\n        <div class=\"swiper-slide \">\n            <a style=\"color:#030303\" href=\"https:\/\/www.s-cab.it\/selezione\/configuratore\/\" class=\"titolo2 standard_cta_animated \">\n                Konfigurieren Sie Ihr Produkt\n            <\/a>\n        <\/div>\n\n    <\/div>\n<\/div>\n\n\n<\/div>\n\n<div id=\"block_9299bebc25032098a7b23077f6f9c504-blocco_text_slider\" class=\"fadeOnScreen container-fluid blocco_text_slider block_publifarm\" style=\"background-color:#e0d9ff\">\n\n\n\n<div class=\"swiper swiper-container swiper-container-free-mode swiper_slider_text\" data-sliderspeed=\"4000\" data-sliderdelay:\"0\">\n    <div class=\"swiper-wrapper\">\n        <div class=\"swiper-slide \">\n            <a style=\"color:#030303\" href=\"#\" class=\"titolo2 standard_cta_animated  open_news \">\n                Bleiben wir in Kontakt: Melden Sie sich f\u00fcr den Newsletter an\n            <\/a>\n        <\/div>\n        <div class=\"swiper-slide \">\n            <a style=\"color:#030303\" href=\"#\" class=\"titolo2 standard_cta_animated  open_news \">\n                Bleiben wir in Kontakt: Melden Sie sich f\u00fcr den Newsletter an\n            <\/a>\n        <\/div>\n        <div class=\"swiper-slide \">\n            <a style=\"color:#030303\" href=\"#\" class=\"titolo2 standard_cta_animated  open_news \">\n                Bleiben wir in Kontakt: Melden Sie sich f\u00fcr den Newsletter an\n            <\/a>\n        <\/div>\n        <div class=\"swiper-slide \">\n            <a style=\"color:#030303\" href=\"#\" class=\"titolo2 standard_cta_animated  open_news \">\n                Bleiben wir in Kontakt: Melden Sie sich f\u00fcr den Newsletter an\n            <\/a>\n        <\/div>\n        <div class=\"swiper-slide \">\n            <a style=\"color:#030303\" href=\"#\" class=\"titolo2 standard_cta_animated  open_news \">\n                Bleiben wir in Kontakt: Melden Sie sich f\u00fcr den Newsletter an\n            <\/a>\n        <\/div>\n        <div class=\"swiper-slide \">\n            <a style=\"color:#030303\" href=\"#\" class=\"titolo2 standard_cta_animated  open_news \">\n                Bleiben wir in Kontakt: Melden Sie sich f\u00fcr den Newsletter an\n            <\/a>\n        <\/div>\n        <div class=\"swiper-slide \">\n            <a style=\"color:#030303\" href=\"#\" class=\"titolo2 standard_cta_animated  open_news \">\n                Bleiben wir in Kontakt: Melden Sie sich f\u00fcr den Newsletter an\n            <\/a>\n        <\/div>\n        <div class=\"swiper-slide \">\n            <a style=\"color:#030303\" href=\"#\" class=\"titolo2 standard_cta_animated  open_news \">\n                Bleiben wir in Kontakt: Melden Sie sich f\u00fcr den Newsletter an\n            <\/a>\n        <\/div>\n        <div class=\"swiper-slide \">\n            <a style=\"color:#030303\" href=\"#\" class=\"titolo2 standard_cta_animated  open_news \">\n                Bleiben wir in Kontakt: Melden Sie sich f\u00fcr den Newsletter an\n            <\/a>\n        <\/div>\n\n    <\/div>\n<\/div>\n\n\n<\/div>\n\n<div id=\"block_96073dc7602048c59e0d5069ad5bc3e4-blocco_preview_news\" class=\"fadeOnScreen container-fluid block_preview_new block_publifarm\" style=\"background-color:#4daa63\">\n\n<div class=\"container-fluid title_wrp\">\n    <div class=\"row\">\n        <h3 class=\"wp-block-heading col col-sm-12\" style=\"color:#fafaf7\">News<\/h3>\n    <\/div>\n<\/div>\n\n        <div class=\"news_preview container-fluid\">\n        <div class=\"row\">\n                        <div class=\"col col-sm-12 col-md-4 single_news_evidenza_wrp\">\n            <a class=\"single_news_evidenza \" href=\"https:\/\/www.s-cab.it\/de\/hd-expo-conference-las-vegas\/\">\n            <img decoding=\"async\" loading=\"lazy\" class=\"backgorund-img\" src=\"https:\/\/www.s-cab.it\/wp-content\/uploads\/2026\/04\/Invito-x-Las-Vegas-2026_1000x1000px-scaled.webp\" alt=\"image for HD Expo &#8211; Las Vegas 2026\"> \n                <div class=\"news_header\">\n                    <span> News<\/span>\n                    <span>29. April 2026<\/span>\n                <\/div>\n                <h2 class=\"titolo2b\">HD Expo &#8211; Las Vegas 2026<\/h2>\n\n                <button class=\"standard_txt_small\"> Read More <\/button>\n            <\/a>\n        <\/div>\n                        <div class=\"col col-sm-12 col-md-4 single_news_evidenza_wrp\">\n            <a class=\"single_news_evidenza \" href=\"https:\/\/www.s-cab.it\/de\/salone-del-mobile-milan-2026\/\">\n            <img decoding=\"async\" loading=\"lazy\" class=\"backgorund-img\" src=\"https:\/\/www.s-cab.it\/wp-content\/uploads\/2026\/03\/scab_invito_2026_anteprima-scaled.webp\" alt=\"image for Salone del Mobile.Milan 2026\"> \n                <div class=\"news_header\">\n                    <span> News<\/span>\n                    <span>18. M\u00e4rz 2026<\/span>\n                <\/div>\n                <h2 class=\"titolo2b\">Salone del Mobile.Milan 2026<\/h2>\n\n                <button class=\"standard_txt_small\"> Read More <\/button>\n            <\/a>\n        <\/div>\n                        <div class=\"col col-sm-12 col-md-4 single_news_evidenza_wrp\">\n            <a class=\"single_news_evidenza \" href=\"https:\/\/www.s-cab.it\/de\/changing-perspectives\/\">\n            <img decoding=\"async\" loading=\"lazy\" class=\"backgorund-img\" src=\"https:\/\/www.s-cab.it\/wp-content\/uploads\/2026\/03\/SCAB_Koala_open_NEWS_01.webp\" alt=\"image for Changing Perspectives\"> \n                <div class=\"news_header\">\n                    <span> News<\/span>\n                    <span>4. M\u00e4rz 2026<\/span>\n                <\/div>\n                <h2 class=\"titolo2b\">Changing Perspectives<\/h2>\n\n                <button class=\"standard_txt_small\"> Read More <\/button>\n            <\/a>\n        <\/div>\n                <\/div>\n                        <a href=\"https:\/\/www.s-cab.it\/de\/category\/news-de\/\" class=\"banner_cta boxed_btn \"><span>Archiv<\/span><\/a>\n                    <\/div>\n    \n<\/div>\n\n\n<p><\/p>\n","protected":false},"excerpt":{"rendered":"","protected":false},"author":1,"featured_media":0,"parent":0,"menu_order":0,"comment_status":"closed","ping_status":"open","template":"","meta":{"_acf_changed":false,"inline_featured_image":false,"footnotes":""},"class_list":["post-102616","page","type-page","status-publish","hentry"],"acf":[],"yoast_head":"<!-- This site is optimized with the Yoast SEO plugin v24.9 - https:\/\/yoast.com\/wordpress\/plugins\/seo\/ -->\n<title>S\u2022CAB<\/title>\n<meta name=\"description\" content=\"S\u2022CAB ist eine Familiengeschichte, die von sechzig Jahren Verpflichtung und Leidenschaft f\u00fcr die M\u00f6belwelt erz\u00e4hlt.\" \/>\n<meta name=\"robots\" content=\"index, follow, max-snippet:-1, max-image-preview:large, max-video-preview:-1\" \/>\n<link rel=\"canonical\" href=\"https:\/\/www.s-cab.it\/de\/\" \/>\n<meta property=\"og:locale\" content=\"de_DE\" \/>\n<meta property=\"og:type\" content=\"article\" \/>\n<meta property=\"og:title\" content=\"S\u2022CAB\" \/>\n<meta property=\"og:description\" content=\"S\u2022CAB ist eine Familiengeschichte, die von sechzig Jahren Verpflichtung und Leidenschaft f\u00fcr die M\u00f6belwelt erz\u00e4hlt.\" \/>\n<meta property=\"og:url\" content=\"https:\/\/www.s-cab.it\/de\/\" \/>\n<meta property=\"og:site_name\" content=\"S\u2022CAB\" \/>\n<meta property=\"article:modified_time\" content=\"2026-04-29T08:13:19+00:00\" \/>\n<meta property=\"og:image\" content=\"https:\/\/www.s-cab.it\/wp-content\/uploads\/2025\/04\/scab-news-stand-03.jpg\" \/>\n\t<meta property=\"og:image:width\" content=\"1679\" \/>\n\t<meta property=\"og:image:height\" content=\"1200\" \/>\n\t<meta property=\"og:image:type\" content=\"image\/jpeg\" \/>\n<meta name=\"twitter:card\" content=\"summary_large_image\" \/>\n<meta name=\"twitter:title\" content=\"S\u2022CAB\" \/>\n<meta name=\"twitter:description\" content=\"S\u2022CAB ist eine Familiengeschichte, die von sechzig Jahren Verpflichtung und Leidenschaft f\u00fcr die M\u00f6belwelt erz\u00e4hlt.\" \/>\n<meta name=\"twitter:image\" content=\"https:\/\/www.s-cab.it\/wp-content\/uploads\/2025\/04\/scab-news-stand-03.jpg\" \/>\n<meta name=\"twitter:label1\" content=\"Gesch\u00e4tzte Lesezeit\" \/>\n\t<meta name=\"twitter:data1\" content=\"1\u00a0Minute\" \/>\n<script type=\"application\/ld+json\" class=\"yoast-schema-graph\">{\"@context\":\"https:\/\/schema.org\",\"@graph\":[{\"@type\":\"WebPage\",\"@id\":\"https:\/\/www.s-cab.it\/de\/\",\"url\":\"https:\/\/www.s-cab.it\/de\/\",\"name\":\"S\u2022CAB\",\"isPartOf\":{\"@id\":\"https:\/\/www.s-cab.it\/de\/#website\"},\"datePublished\":\"2024-07-23T08:28:26+00:00\",\"dateModified\":\"2026-04-29T08:13:19+00:00\",\"description\":\"S\u2022CAB ist eine Familiengeschichte, die von sechzig Jahren Verpflichtung und Leidenschaft f\u00fcr die M\u00f6belwelt erz\u00e4hlt.\",\"breadcrumb\":{\"@id\":\"https:\/\/www.s-cab.it\/de\/#breadcrumb\"},\"inLanguage\":\"de\",\"potentialAction\":[{\"@type\":\"ReadAction\",\"target\":[\"https:\/\/www.s-cab.it\/de\/\"]}]},{\"@type\":\"BreadcrumbList\",\"@id\":\"https:\/\/www.s-cab.it\/de\/#breadcrumb\",\"itemListElement\":[{\"@type\":\"ListItem\",\"position\":1,\"name\":\"Home\",\"item\":\"https:\/\/www.s-cab.it\/de\/\"},{\"@type\":\"ListItem\",\"position\":2,\"name\":\"Home\"}]},{\"@type\":\"WebSite\",\"@id\":\"https:\/\/www.s-cab.it\/de\/#website\",\"url\":\"https:\/\/www.s-cab.it\/de\/\",\"name\":\"S\u2022CAB\",\"description\":\"\",\"potentialAction\":[{\"@type\":\"SearchAction\",\"target\":{\"@type\":\"EntryPoint\",\"urlTemplate\":\"https:\/\/www.s-cab.it\/de\/?s={search_term_string}\"},\"query-input\":{\"@type\":\"PropertyValueSpecification\",\"valueRequired\":true,\"valueName\":\"search_term_string\"}}],\"inLanguage\":\"de\"}]}<\/script>\n<!-- \/ Yoast SEO plugin. -->","yoast_head_json":{"title":"S\u2022CAB","description":"S\u2022CAB ist eine Familiengeschichte, die von sechzig Jahren Verpflichtung und Leidenschaft f\u00fcr die M\u00f6belwelt erz\u00e4hlt.","robots":{"index":"index","follow":"follow","max-snippet":"max-snippet:-1","max-image-preview":"max-image-preview:large","max-video-preview":"max-video-preview:-1"},"canonical":"https:\/\/www.s-cab.it\/de\/","og_locale":"de_DE","og_type":"article","og_title":"S\u2022CAB","og_description":"S\u2022CAB ist eine Familiengeschichte, die von sechzig Jahren Verpflichtung und Leidenschaft f\u00fcr die M\u00f6belwelt erz\u00e4hlt.","og_url":"https:\/\/www.s-cab.it\/de\/","og_site_name":"S\u2022CAB","article_modified_time":"2026-04-29T08:13:19+00:00","og_image":[{"width":1679,"height":1200,"url":"https:\/\/www.s-cab.it\/wp-content\/uploads\/2025\/04\/scab-news-stand-03.jpg","type":"image\/jpeg"}],"twitter_card":"summary_large_image","twitter_title":"S\u2022CAB","twitter_description":"S\u2022CAB ist eine Familiengeschichte, die von sechzig Jahren Verpflichtung und Leidenschaft f\u00fcr die M\u00f6belwelt erz\u00e4hlt.","twitter_image":"https:\/\/www.s-cab.it\/wp-content\/uploads\/2025\/04\/scab-news-stand-03.jpg","twitter_misc":{"Gesch\u00e4tzte Lesezeit":"1\u00a0Minute"},"schema":{"@context":"https:\/\/schema.org","@graph":[{"@type":"WebPage","@id":"https:\/\/www.s-cab.it\/de\/","url":"https:\/\/www.s-cab.it\/de\/","name":"S\u2022CAB","isPartOf":{"@id":"https:\/\/www.s-cab.it\/de\/#website"},"datePublished":"2024-07-23T08:28:26+00:00","dateModified":"2026-04-29T08:13:19+00:00","description":"S\u2022CAB ist eine Familiengeschichte, die von sechzig Jahren Verpflichtung und Leidenschaft f\u00fcr die M\u00f6belwelt erz\u00e4hlt.","breadcrumb":{"@id":"https:\/\/www.s-cab.it\/de\/#breadcrumb"},"inLanguage":"de","potentialAction":[{"@type":"ReadAction","target":["https:\/\/www.s-cab.it\/de\/"]}]},{"@type":"BreadcrumbList","@id":"https:\/\/www.s-cab.it\/de\/#breadcrumb","itemListElement":[{"@type":"ListItem","position":1,"name":"Home","item":"https:\/\/www.s-cab.it\/de\/"},{"@type":"ListItem","position":2,"name":"Home"}]},{"@type":"WebSite","@id":"https:\/\/www.s-cab.it\/de\/#website","url":"https:\/\/www.s-cab.it\/de\/","name":"S\u2022CAB","description":"","potentialAction":[{"@type":"SearchAction","target":{"@type":"EntryPoint","urlTemplate":"https:\/\/www.s-cab.it\/de\/?s={search_term_string}"},"query-input":{"@type":"PropertyValueSpecification","valueRequired":true,"valueName":"search_term_string"}}],"inLanguage":"de"}]}},"_links":{"self":[{"href":"https:\/\/www.s-cab.it\/de\/wp-json\/wp\/v2\/pages\/102616","targetHints":{"allow":["GET"]}}],"collection":[{"href":"https:\/\/www.s-cab.it\/de\/wp-json\/wp\/v2\/pages"}],"about":[{"href":"https:\/\/www.s-cab.it\/de\/wp-json\/wp\/v2\/types\/page"}],"author":[{"embeddable":true,"href":"https:\/\/www.s-cab.it\/de\/wp-json\/wp\/v2\/users\/1"}],"replies":[{"embeddable":true,"href":"https:\/\/www.s-cab.it\/de\/wp-json\/wp\/v2\/comments?post=102616"}],"version-history":[{"count":58,"href":"https:\/\/www.s-cab.it\/de\/wp-json\/wp\/v2\/pages\/102616\/revisions"}],"predecessor-version":[{"id":150613,"href":"https:\/\/www.s-cab.it\/de\/wp-json\/wp\/v2\/pages\/102616\/revisions\/150613"}],"wp:attachment":[{"href":"https:\/\/www.s-cab.it\/de\/wp-json\/wp\/v2\/media?parent=102616"}],"curies":[{"name":"wp","href":"https:\/\/api.w.org\/{rel}","templated":true}]}}