{"id":102412,"date":"2024-11-19T16:45:35","date_gmt":"2024-11-19T15:45:35","guid":{"rendered":"https:\/\/www.s-cab.it\/la-nostra-storia\/"},"modified":"2025-06-25T11:50:38","modified_gmt":"2025-06-25T09:50:38","slug":"nuestra-historia","status":"publish","type":"page","link":"https:\/\/www.s-cab.it\/es\/nuestra-historia\/","title":{"rendered":"Azienda"},"content":{"rendered":"<div id=\"block_30d862d5a4736f93718b9e7d4c9d9bac-blocco_video_banner\" class=\" fadeOnScreen container-fluid blocco_video_banner block_publifarm  video_full_screen   video_background_mp4  \" >\n    <div class=\"row video_wrp d-flex flex-wrap justify-content-center align-items-center\">\n\n        <div class=\"cover_img cover_img_has_overlay_ d-flex justify-content-center align-items-center\" style=\"background-image:url(https:\/\/www.s-cab.it\/wp-content\/uploads\/2024\/12\/scab-azienda-video-1.jpg);\">\n           <\/div>\n    \n\t      <div class=\"fadeOnScreen yt-embed-img_anteprima_1 blocco_immagini_sfalsate_video\" >\n    <video  width=\"560\" height=\"315\" autoplay loop muted playsinline style=\"pointer-events: none;\" class=\"html5_video_player\">\n        <source src=\"https:\/\/www.s-cab.it\/wp-content\/uploads\/2025\/06\/scab_video_produzione_250616.mp4\" type=\"video\/mp4\" \/>\n    <\/video>\n    <div class=\"yt-embed-overlay\"><\/div>\n    \n    <\/div>    \n    <\/div>\n\t\n<\/div>\n\n\n<section class=\"wp-block-evidenzio-columns azienda_blocco_1 has-background\" style=\"background-color:#fafaf7\"><div class=\"container-fluid\"><div class=\"row\">\n<div class=\"wp-block-evidenzio-column col-12 col-md-12 col-lg azienda_blocco_1_in has-colore-tema-2-background-color has-background\"><div id=\"block_cd46742b620d6f5241361d41a9fb8cc7-blocco_timeline\" class=\"la_storia fadeOnScreen  blocco_timeline block_publifarm\" style=\"background-color:var(--color-yellow);\">\n    <div class=\"  scrollpannel\">\n        <div class=\"scroll_container\">\n        <!-- start container -->\n            <div class=\"first_panel panel  d-flex justify-content-center align-items-center\" style=\"background-color:var(--color-yellow);\">\n                <div class=\"col col-sm-12 col-md-7\">\n                    <h4 class=\"titolo4 fadeOnScreen\">S\u2022CAB es la historia de una familia que cuenta con sesenta a\u00f1os de compromiso y pasi\u00f3n por el mundo del mueble. Corr\u00eda el a\u00f1o 1957 cuando SCAB y su primer establecimiento de Coccaglio, en la provincia de Brescia, vieron la luz. <\/h4>\n                <\/div>\n                <div class=\"  col col-sm-12 col-md-1\">\n                <\/div>\n                <div class=\"  col col-sm-12 col-md-4\">\n                    <p class=\"standard_text fadeOnScreen\">En una Italia en plena ebullici\u00f3n, donde el dise\u00f1o se convierte en herramienta de experimentaci\u00f3n y reactivaci\u00f3n econ\u00f3mica, Francesco Battaglia lanza una producci\u00f3n de mobiliario y menaje destinada a una clase media en ascenso, que contempla el espacio dom\u00e9stico como el lugar donde dar forma a sus sue\u00f1os de bienestar. <\/p>\n                                            <img decoding=\"async\" loading=\"lazy\" class=\"fadeOnScreen align-self-end\" src=\"https:\/\/www.s-cab.it\/wp-content\/uploads\/2024\/11\/azienda_01-1.webp\" srcset=\"https:\/\/www.s-cab.it\/wp-content\/uploads\/2024\/11\/azienda_01-1.webp\" \/>\n                    \t\n                <\/div>\n            <\/div>\n\n            <div class=\"second_panel panel flex-column \" style=\"background-color:var(--color-yellow);\">\n                <div class=\"col col-sm-12 d-flex first_row\">\n                    <img decoding=\"async\" loading=\"lazy\" class=\"fadeOnScreen align-self-end\" src=\"https:\/\/www.s-cab.it\/wp-content\/uploads\/2024\/11\/azienda_02-1.webp\" srcset=\"https:\/\/www.s-cab.it\/wp-content\/uploads\/2024\/11\/azienda_02-1.webp\" \/>\n                \n                    <h4 class=\"titolo2b fadeOnScreen\">Lo imprescindible: la silla &#8211; A partir de los a\u00f1os 60, S\u2022CAB refina su producci\u00f3n centr\u00e1ndose en los asientos. Mientras que las propuestas se diferencian para satisfacer las necesidades de los sectores residencial y de exteriores, la transformaci\u00f3n del pl\u00e1stico, nuevo protagonista del mobiliario, pronto se convierte en la principal especialidad de la empresa. <\/h4>\n                                        <div class=\"col col-sm-12 col-md-2\"><\/div>\n                <\/div>\n                <div class=\"col col-sm-12 second_row d-flex\">\n                    <div class=\"row_marchio_storicocol  col-sm-12 col-md-5 d-flex justify-content-center align-items-center\">\n                        <img decoding=\"async\" loading=\"lazy\" class=\"fadeOnScreen align-self-end\" src=\"https:\/\/www.s-cab.it\/wp-content\/uploads\/2024\/11\/logo_marchio_storico-e1734337971251.webp\" srcset=\"https:\/\/www.s-cab.it\/wp-content\/uploads\/2024\/11\/logo_marchio_storico-e1734337971251.webp\" \/>\n                        <p class=\"standard_txt_small fadeOnScreen\">En 2022, S\u2022CAB entra en el registro de marcas hist\u00f3ricas italianas, un reconocimiento m\u00e1s a una producci\u00f3n de calidad dedicada a la continuidad de los resultados.<\/p>\n                    <\/div>\n                    <div class=\"col col-sm-12 col-md-1\"><\/div>\n                    <div class=\"col col-sm-12 col-md-5\">\n                        <p class=\"standard_text fadeOnScreen\">Con el tiempo, la ampliaci\u00f3n de las instalaciones de producci\u00f3n abrir\u00e1 tambi\u00e9n las puertas a la transformaci\u00f3n del acero, la madera y los textiles, con el fin de satisfacer la creciente demanda de personalizaci\u00f3n del sector del contract. El compromiso y el impulso al crecimiento, que nunca fallaron, culminaron tras d\u00e9cadas en el mayor reconocimiento institucional italiano en el \u00e1mbito empresarial: el nombramiento de Francesco Battaglia como Cavaliere del Lavoro en 2015. <\/p>\n                    <\/div>\n                    <div class=\"col col-sm-12 col-md-2\"><\/div>\n                <\/div>\t\t\t\t\n                    \n            <\/div>\n            <div class=\"third_panel panel row\" style=\"background-color:var(--color-yellow);\">\n                <div class=\"d-flex flex-row justify-content-start  col col-sm-12 col-md-4  wrp_immagine_di_anteprima_1\">\n                                        <img decoding=\"async\" loading=\"lazy\" class=\"fadeOnScreen align-self-end img_anteprima_1b\" src=\"https:\/\/www.s-cab.it\/wp-content\/uploads\/2024\/12\/azienda_07.webp\" srcset=\"https:\/\/www.s-cab.it\/wp-content\/uploads\/2024\/12\/azienda_07.webp\" \/>\n                              \n                <\/div>\n                <div class=\"  col col-sm-12 col-md-2\">\n                                        <img decoding=\"async\" loading=\"lazy\" class=\"fadeOnScreen align-self-end\" src=\"https:\/\/www.s-cab.it\/wp-content\/uploads\/2024\/11\/azienda_04.webp\" srcset=\"https:\/\/www.s-cab.it\/wp-content\/uploads\/2024\/11\/azienda_04.webp\" \/>\n                     \n                <\/div>\n                <div class=\"  col col-sm-12 col-md-6 img_di_aprima_last\">\n                                        <img decoding=\"async\" loading=\"lazy\" class=\"fadeOnScreen align-self-end\" src=\"https:\/\/www.s-cab.it\/wp-content\/uploads\/2024\/12\/azienda_08.webp\" srcset=\"https:\/\/www.s-cab.it\/wp-content\/uploads\/2024\/12\/azienda_08.webp\" \/>\n                                    <\/div>\t\n            <\/div>\n            <div class=\"fourd_panel panel row\" style=\"background-color:var(--color-yellow);\">\n                    <div class=\"d-flex flex-column justify-content-start align-items-baseline col col-sm-12 col-md-12 wrp_immagine_di_anteprima_2 \">\n                                                <img decoding=\"async\" loading=\"lazy\" class=\"fadeOnScreen align-self-end\" src=\"https:\/\/www.s-cab.it\/wp-content\/uploads\/2024\/11\/azienda_06-1.webp\" srcset=\"https:\/\/www.s-cab.it\/wp-content\/uploads\/2024\/11\/azienda_06-1.webp\" \/>\n                                            <\/div>\n                    <div class=\"col col-sm-12 col-md-2\"><\/div>\n                    <div class=\"d-flex flex-column justify-content-start align-items-baseline col col-sm-12 col-md-6 wrp_immagine_di_anteprima_2 \">\n                        <div class=\"d-flex title_wrp\">\n                                                    <h4 class=\"titolo2b fadeOnScreen\">Sala de exposici\u00f3n y oficinas renovadas &#8211; En 2021 una nueva sala de exposici\u00f3n toma forma en el establecimiento de Coccaglio. Dise\u00f1ado por el arquitecto Luca Piatti, el espacio industrial de 600 metros cuadrados mantiene y mejora sus caracter\u00edsticas arquitect\u00f3nicas y materiales originales, desde el techo abovedado y los tirantes estructurales hasta las cristaleras de hierro de las ventanas y el suelo de resina continua. <\/h4>\n                                                <\/div>\n                    <\/div>\n                    <div class=\"col col-sm-12 col-md-4\"><\/div>\n                <\/div>\n            <\/div>\n        <\/div>\n<!-- end container -->\n        <\/div>\n    <\/div>\n<\/div>\n\n\n<div style=\"height:61px\" aria-hidden=\"true\" class=\"wp-block-spacer\"><\/div>\n<\/div>\n<\/div><\/div><\/section>\n\n\n\n<section class=\"wp-block-evidenzio-columns\"><div class=\"container\"><div class=\"row\">\n<div class=\"wp-block-evidenzio-column col-12 col-md-12 col-lg\"><\/div>\n\n\n\n<div class=\"wp-block-evidenzio-column col-12 col-md-12 col-lg custom_padding_orizontal\">\n<p class=\"standard_text_medium\">Tras sesenta a\u00f1os de dedicaci\u00f3n ininterrumpida, el Cav. Battaglia pasa el testigo a la siguiente generaci\u00f3n, encarnada por sus hijas Luisa y Francesca. Se abre una temporada de renovaci\u00f3n. Participan nuevos dise\u00f1adores, mientras que nuevos best sellers, como la silla Lisa, ponen de relieve la capacidad de sintonizar y hacer suyos los lenguajes contempor\u00e1neos. En 2021, un rebranding marca la transici\u00f3n de SCAB Design a S\u2022cab: el nuevo logotipo, atractivo, explicita con su S\u2022 la especializaci\u00f3n vertical en la producci\u00f3n de asientos.<\/p>\n<\/div>\n<\/div><\/div><\/section>\n\n\n\n<section class=\"wp-block-evidenzio-columns\"><div class=\"container\"><div class=\"row\">\n<div class=\"wp-block-evidenzio-column col-12 col-md-12 col-lg\">\n<h4 class=\"wp-block-heading titolo2b\"><strong>Un presente en constante evoluci\u00f3n<\/strong> &#8211; Hoy al frente de la empresa, con los respectivos cargos de Directora Creativa de S\u2022cab y Directora Comercial en Italia, Luisa y Francesca Battaglia colaboran estrechamente con la tercera generaci\u00f3n en las personas de Ludovico Taglietti, Director Comercial en el Extranjero, y Michelangelo Taglietti, Director de Exportaci\u00f3n, fundamentales en las estrategias de consolidaci\u00f3n de los mercados extranjeros.<\/h4>\n<\/div>\n\n\n\n<div class=\"wp-block-evidenzio-column col-12 col-md-12 col-lg\"><\/div>\n<\/div><\/div><\/section>\n\n\n\n<div style=\"height:100px\" aria-hidden=\"true\" class=\"wp-block-spacer\"><\/div>\n\n\n\n<section class=\"wp-block-evidenzio-columns\"><div class=\"container\"><div class=\"row\">\n<div class=\"wp-block-evidenzio-column col-12 col-md-12 col-lg custom_padding_orizontal_left\">\n<div class=\"d-flex titolo_sfalsato\">\n\t\t\t\t\t\t\t\t\t\t\t\t\t\t\t\t<h4 class=\"extra_title fadeOnScreen fadeOnScreen_active\">3 instalaciones <\/h4>\n\t\t\t\t\t\t\t\t\t\t\t\t\t\t\t\t\t\t\t\t\t\t\t\t<p class=\"standard_text fadeOnScreen fadeOnScreen_active\">Ubicado en la provincia<br>de Brescia<\/p>\n\t\t\t\t\t\t\t\t\t\t\t\t\t\t\t<\/div>\n<\/div>\n<\/div><\/div><\/section>\n\n\n\n<div style=\"height:20px\" aria-hidden=\"true\" class=\"wp-block-spacer\"><\/div>\n\n\n\n<section class=\"wp-block-evidenzio-columns\"><div class=\"container\"><div class=\"row\">\n<div class=\"wp-block-evidenzio-column col-12 col-md-12 col-lg\"><\/div>\n\n\n\n<div class=\"wp-block-evidenzio-column col-12 col-md-12 col-lg\">\n<div class=\"d-flex titolo_sfalsato\">\n\t\t\t\t\t\t\t\t\t\t\t\t\t\t\t\t<h4 class=\"extra_title fadeOnScreen fadeOnScreen_active\">85.000mq<\/h4>\n\t\t\t\t\t\t\t\t\t\t\t\t\t\t\t\t\t\t\t\t\t\t\t\t<p class=\"standard_text fadeOnScreen fadeOnScreen_active\">de superficie productiva<\/br>enteramente en Italia<\/p>\n\t\t\t\t\t\t\t\t\t\t\t\t\t\t\t<\/div>\n<\/div>\n<\/div><\/div><\/section>\n\n\n\n<div style=\"height:123px\" aria-hidden=\"true\" class=\"wp-block-spacer\"><\/div>\n\n\n<div id=\"block_4ef5b67bdda963dd5a6ced62ef29ca92-blocco_slider_imgs\" class=\"slider_la_nostra_storia extra_title fadeOnScreen container-fluid blocco_slider_imgs block_publifarm\">\n\t\t\t\t\t<div class=\"row\">\n\t\t\t\t\t\t<div class=\" blocco_slider_imgs_wrp col col-sm-12 col-md-12 swiper\">\n\t\t\t\t\t\t\t<div class=\"swiper-wrapper\">\n\t\t\t\t\t\t\t\t\t\t\t\t\t\t\t\t\t<img decoding=\"async\" loading=\"lazy\" class=\"swiper-slide\" src=\"https:\/\/www.s-cab.it\/wp-content\/uploads\/2024\/12\/azienda-gallery_06.webp\" \/>\n\t\t\t\t\t\t\t\t\t\t\t\t\t\t\t\t\t<img decoding=\"async\" loading=\"lazy\" class=\"swiper-slide\" src=\"https:\/\/www.s-cab.it\/wp-content\/uploads\/2024\/12\/azienda-gallery_07.webp\" \/>\n\t\t\t\t\t\t\t\t\t\t\t\t\t\t\t\t\t<img decoding=\"async\" loading=\"lazy\" class=\"swiper-slide\" src=\"https:\/\/www.s-cab.it\/wp-content\/uploads\/2024\/12\/azienda-gallery_08.webp\" \/>\n\t\t\t\t\t\t\t\t\t\t\t\t\t\t\t\t\t<img decoding=\"async\" loading=\"lazy\" class=\"swiper-slide\" src=\"https:\/\/www.s-cab.it\/wp-content\/uploads\/2024\/12\/azienda-gallery_05.webp\" \/>\n\t\t\t\t\t\t\t\t\t\t\t\t\t\t\t\t\t<img decoding=\"async\" loading=\"lazy\" class=\"swiper-slide\" src=\"https:\/\/www.s-cab.it\/wp-content\/uploads\/2024\/12\/azienda-gallery_10.webp\" \/>\n\t\t\t\t\t\t\t\t\t\t\t\t\t\t\t\t\t<img decoding=\"async\" loading=\"lazy\" class=\"swiper-slide\" src=\"https:\/\/www.s-cab.it\/wp-content\/uploads\/2024\/12\/azienda-gallery_17.webp\" \/>\n\t\t\t\t\t\t\t\t\t\t\t\t\t\t\t\t\t<img decoding=\"async\" loading=\"lazy\" class=\"swiper-slide\" src=\"https:\/\/www.s-cab.it\/wp-content\/uploads\/2024\/11\/azienda-gallery_03-1.webp\" \/>\n\t\t\t\t\t\t\t\t\t\t\t\t\t\t\t\t\t<img decoding=\"async\" loading=\"lazy\" class=\"swiper-slide\" src=\"https:\/\/www.s-cab.it\/wp-content\/uploads\/2024\/11\/azienda-gallery_04-1.webp\" \/>\n\t\t\t\t\t\t\t\t\t\t\t\t\t\t\t\t\t<img decoding=\"async\" loading=\"lazy\" class=\"swiper-slide\" src=\"https:\/\/www.s-cab.it\/wp-content\/uploads\/2024\/12\/azienda-gallery_12.webp\" \/>\n\t\t\t\t\t\t\t\t\t\t\t\t\t\t\t\t\t<img decoding=\"async\" loading=\"lazy\" class=\"swiper-slide\" src=\"https:\/\/www.s-cab.it\/wp-content\/uploads\/2024\/12\/azienda-gallery_13.webp\" \/>\n\t\t\t\t\t\t\t\t\t\t\t\t\t\t\t\t\t<img decoding=\"async\" loading=\"lazy\" class=\"swiper-slide\" src=\"https:\/\/www.s-cab.it\/wp-content\/uploads\/2024\/12\/azienda-gallery_14.webp\" \/>\n\t\t\t\t\t\t\t\t\t\t\t\t\t\t\t\t\t<img decoding=\"async\" loading=\"lazy\" class=\"swiper-slide\" src=\"https:\/\/www.s-cab.it\/wp-content\/uploads\/2024\/12\/azienda-gallery_16.webp\" \/>\n\t\t\t\t\t\t\t\t\t\t\t\t\t\t\t\t\t<img decoding=\"async\" loading=\"lazy\" class=\"swiper-slide\" src=\"https:\/\/www.s-cab.it\/wp-content\/uploads\/2024\/12\/azienda-gallery_15.webp\" \/>\n\t\t\t\t\t\t\t\t\t\t\t\t\t\t\t\t\t<img decoding=\"async\" loading=\"lazy\" class=\"swiper-slide\" src=\"https:\/\/www.s-cab.it\/wp-content\/uploads\/2024\/12\/azienda-gallery_01-scaled.webp\" \/>\n\t\t\t\t\t\t\t\t\t\t\t\t\t\t\t\t\t<img decoding=\"async\" loading=\"lazy\" class=\"swiper-slide\" src=\"https:\/\/www.s-cab.it\/wp-content\/uploads\/2024\/12\/azienda-gallery_18.webp\" \/>\n\t\t\t\t\t\t\t\t\t\t\t\t\t\t\t<\/div>\n\t\t\t\t\t\t<\/div>\n\t\t\t\t\t<\/div>\n<\/div>\n\n\n<section class=\"wp-block-evidenzio-columns fadeOnScreen banner_sostenibilita_corretto has-background\" style=\"background-color:#cfefd2\"><div class=\"container py-lg-5\"><div class=\"row\">\n<div class=\"wp-block-evidenzio-column col-12 col-md-12 col-lg d-flex flex-column justify-content-between\">\n<h4 class=\"wp-block-heading has-small-font-size\">Sostenibilidad<\/h4>\n\n\n\n<div class=\"wp-block-buttons is-layout-flex wp-block-buttons-is-layout-flex\">\n<div class=\"wp-block-button\"><a class=\"wp-block-button__link wp-element-button\" href=\"https:\/\/www.s-cab.it\/es\/sostenibilidad\/\">Descubre<\/a><\/div>\n<\/div>\n<\/div>\n\n\n\n<div class=\"wp-block-evidenzio-column col-12 col-md-12 col-lg-7\">\n<p class=\"titolo2b\"><strong>Sin haber faltado nunca a sus valores, S\u2022cab constituye una realidad s\u00f3lida y arraigada, orgullosa de sus tres plantas con 85.000 metros cuadrados de espacio de producci\u00f3n, un equipo de dise\u00f1adores internacionales y una vocaci\u00f3n inquebrantable de combinar la protecci\u00f3n de su patrimonio industrial con un proceso de crecimiento cuidadoso y sostenible.<\/strong><\/p>\n<\/div>\n<\/div><\/div><\/section>\n","protected":false},"excerpt":{"rendered":"","protected":false},"author":1,"featured_media":0,"parent":0,"menu_order":0,"comment_status":"closed","ping_status":"closed","template":"","meta":{"_acf_changed":false,"inline_featured_image":false,"footnotes":""},"class_list":["post-102412","page","type-page","status-publish","hentry"],"acf":[],"yoast_head":"<!-- This site is optimized with the Yoast SEO plugin v24.9 - https:\/\/yoast.com\/wordpress\/plugins\/seo\/ -->\n<title>Azienda - S\u2022CAB<\/title>\n<meta name=\"description\" content=\"S\u2022CAB - Azienda - Desde 1957, S\u2022CAB crea muebles de alta calidad, sostenibles y Made in Italy. Descubre nuestra filosof\u00eda, historia y valores.\" \/>\n<meta name=\"robots\" content=\"index, follow, max-snippet:-1, max-image-preview:large, max-video-preview:-1\" \/>\n<link rel=\"canonical\" href=\"https:\/\/www.s-cab.it\/es\/nuestra-historia\/\" \/>\n<meta property=\"og:locale\" content=\"es_ES\" \/>\n<meta property=\"og:type\" content=\"article\" \/>\n<meta property=\"og:title\" content=\"Azienda - S\u2022CAB\" \/>\n<meta property=\"og:description\" content=\"S\u2022CAB - Azienda - Desde 1957, S\u2022CAB crea muebles de alta calidad, sostenibles y Made in Italy. Descubre nuestra filosof\u00eda, historia y valores.\" \/>\n<meta property=\"og:url\" content=\"https:\/\/www.s-cab.it\/es\/nuestra-historia\/\" \/>\n<meta property=\"og:site_name\" content=\"S\u2022CAB\" \/>\n<meta property=\"article:modified_time\" content=\"2025-06-25T09:50:38+00:00\" \/>\n<meta name=\"twitter:card\" content=\"summary_large_image\" \/>\n<meta name=\"twitter:label1\" content=\"Tiempo de lectura\" \/>\n\t<meta name=\"twitter:data1\" content=\"1 minuto\" \/>\n<script type=\"application\/ld+json\" class=\"yoast-schema-graph\">{\"@context\":\"https:\/\/schema.org\",\"@graph\":[{\"@type\":\"WebPage\",\"@id\":\"https:\/\/www.s-cab.it\/es\/nuestra-historia\/\",\"url\":\"https:\/\/www.s-cab.it\/es\/nuestra-historia\/\",\"name\":\"Azienda - S\u2022CAB\",\"isPartOf\":{\"@id\":\"https:\/\/www.s-cab.it\/es\/#website\"},\"datePublished\":\"2024-11-19T15:45:35+00:00\",\"dateModified\":\"2025-06-25T09:50:38+00:00\",\"description\":\"S\u2022CAB - Azienda - Desde 1957, S\u2022CAB crea muebles de alta calidad, sostenibles y Made in Italy. Descubre nuestra filosof\u00eda, historia y valores.\",\"breadcrumb\":{\"@id\":\"https:\/\/www.s-cab.it\/es\/nuestra-historia\/#breadcrumb\"},\"inLanguage\":\"es\",\"potentialAction\":[{\"@type\":\"ReadAction\",\"target\":[\"https:\/\/www.s-cab.it\/es\/nuestra-historia\/\"]}]},{\"@type\":\"BreadcrumbList\",\"@id\":\"https:\/\/www.s-cab.it\/es\/nuestra-historia\/#breadcrumb\",\"itemListElement\":[{\"@type\":\"ListItem\",\"position\":1,\"name\":\"Home\",\"item\":\"https:\/\/www.s-cab.it\/es\/\"},{\"@type\":\"ListItem\",\"position\":2,\"name\":\"Azienda\"}]},{\"@type\":\"WebSite\",\"@id\":\"https:\/\/www.s-cab.it\/es\/#website\",\"url\":\"https:\/\/www.s-cab.it\/es\/\",\"name\":\"S\u2022CAB\",\"description\":\"\",\"potentialAction\":[{\"@type\":\"SearchAction\",\"target\":{\"@type\":\"EntryPoint\",\"urlTemplate\":\"https:\/\/www.s-cab.it\/es\/?s={search_term_string}\"},\"query-input\":{\"@type\":\"PropertyValueSpecification\",\"valueRequired\":true,\"valueName\":\"search_term_string\"}}],\"inLanguage\":\"es\"}]}<\/script>\n<!-- \/ Yoast SEO plugin. -->","yoast_head_json":{"title":"Azienda - S\u2022CAB","description":"S\u2022CAB - Azienda - Desde 1957, S\u2022CAB crea muebles de alta calidad, sostenibles y Made in Italy. Descubre nuestra filosof\u00eda, historia y valores.","robots":{"index":"index","follow":"follow","max-snippet":"max-snippet:-1","max-image-preview":"max-image-preview:large","max-video-preview":"max-video-preview:-1"},"canonical":"https:\/\/www.s-cab.it\/es\/nuestra-historia\/","og_locale":"es_ES","og_type":"article","og_title":"Azienda - S\u2022CAB","og_description":"S\u2022CAB - Azienda - Desde 1957, S\u2022CAB crea muebles de alta calidad, sostenibles y Made in Italy. Descubre nuestra filosof\u00eda, historia y valores.","og_url":"https:\/\/www.s-cab.it\/es\/nuestra-historia\/","og_site_name":"S\u2022CAB","article_modified_time":"2025-06-25T09:50:38+00:00","twitter_card":"summary_large_image","twitter_misc":{"Tiempo de lectura":"1 minuto"},"schema":{"@context":"https:\/\/schema.org","@graph":[{"@type":"WebPage","@id":"https:\/\/www.s-cab.it\/es\/nuestra-historia\/","url":"https:\/\/www.s-cab.it\/es\/nuestra-historia\/","name":"Azienda - S\u2022CAB","isPartOf":{"@id":"https:\/\/www.s-cab.it\/es\/#website"},"datePublished":"2024-11-19T15:45:35+00:00","dateModified":"2025-06-25T09:50:38+00:00","description":"S\u2022CAB - Azienda - Desde 1957, S\u2022CAB crea muebles de alta calidad, sostenibles y Made in Italy. Descubre nuestra filosof\u00eda, historia y valores.","breadcrumb":{"@id":"https:\/\/www.s-cab.it\/es\/nuestra-historia\/#breadcrumb"},"inLanguage":"es","potentialAction":[{"@type":"ReadAction","target":["https:\/\/www.s-cab.it\/es\/nuestra-historia\/"]}]},{"@type":"BreadcrumbList","@id":"https:\/\/www.s-cab.it\/es\/nuestra-historia\/#breadcrumb","itemListElement":[{"@type":"ListItem","position":1,"name":"Home","item":"https:\/\/www.s-cab.it\/es\/"},{"@type":"ListItem","position":2,"name":"Azienda"}]},{"@type":"WebSite","@id":"https:\/\/www.s-cab.it\/es\/#website","url":"https:\/\/www.s-cab.it\/es\/","name":"S\u2022CAB","description":"","potentialAction":[{"@type":"SearchAction","target":{"@type":"EntryPoint","urlTemplate":"https:\/\/www.s-cab.it\/es\/?s={search_term_string}"},"query-input":{"@type":"PropertyValueSpecification","valueRequired":true,"valueName":"search_term_string"}}],"inLanguage":"es"}]}},"_links":{"self":[{"href":"https:\/\/www.s-cab.it\/es\/wp-json\/wp\/v2\/pages\/102412","targetHints":{"allow":["GET"]}}],"collection":[{"href":"https:\/\/www.s-cab.it\/es\/wp-json\/wp\/v2\/pages"}],"about":[{"href":"https:\/\/www.s-cab.it\/es\/wp-json\/wp\/v2\/types\/page"}],"author":[{"embeddable":true,"href":"https:\/\/www.s-cab.it\/es\/wp-json\/wp\/v2\/users\/1"}],"replies":[{"embeddable":true,"href":"https:\/\/www.s-cab.it\/es\/wp-json\/wp\/v2\/comments?post=102412"}],"version-history":[{"count":3,"href":"https:\/\/www.s-cab.it\/es\/wp-json\/wp\/v2\/pages\/102412\/revisions"}],"predecessor-version":[{"id":140662,"href":"https:\/\/www.s-cab.it\/es\/wp-json\/wp\/v2\/pages\/102412\/revisions\/140662"}],"wp:attachment":[{"href":"https:\/\/www.s-cab.it\/es\/wp-json\/wp\/v2\/media?parent=102412"}],"curies":[{"name":"wp","href":"https:\/\/api.w.org\/{rel}","templated":true}]}}