{"id":102707,"date":"2024-11-14T17:16:06","date_gmt":"2024-11-14T16:16:06","guid":{"rendered":"https:\/\/www.s-cab.it\/workspace\/"},"modified":"2025-12-04T15:09:50","modified_gmt":"2025-12-04T14:09:50","slug":"mundos-workspace","status":"publish","type":"page","link":"https:\/\/www.s-cab.it\/es\/mundos-workspace\/","title":{"rendered":"Workspace"},"content":{"rendered":"<div id=\"block_7fb77840c1ecbfe708bc6e1ad2bc33e2-blocco_header_mondi\" class=\" extra_title fadeOnScreen container-fluid blocco_header_mondi block_publifarm\" style=\"background-color:#5093d0\">\nWorkspace <br\/> es colaboraci\u00f3n\n<\/div>\n\n\n<div style=\"height:76px\" aria-hidden=\"true\" class=\"wp-block-spacer\"><\/div>\n\n\n<div class=\"container-fluid-custom container-fluid blocco_immagini_sfalsate fadeOnScreen\" id=\"block_87383e2b6e63171cf1eae06148ebc2ec\">\n<div class=\"row img_anteprima_extra allinemento_regolare griglia-grande\">\n\t\t\t\t\t\t<div class=\"d-flex flex-column justify-content-start  col col-sm-12 col-md-4  wrp_immagine_di_anteprima_1 testo-immagine allinemento_basso\">\n\n\t\t\t\t\t\t\n\t\t\t\t\t\t\t<div class=\"d-flex blocco_1\">\n\t\t\t\t\t\t\t\t\t\t\t\t\t\t\t\t\t\t\t\t\t\t\t<\/div>\n\t\t\t\t\t\t\t\n\t\t\t\t\t\t\t\n\n\t\t\t\t\t\t\t                                    <div class=\"fadeOnScreen yt-embed-img_anteprima_1 blocco_immagini_sfalsate_video\" >\n    <video  width=\"560\" height=\"315\" autoplay loop muted playsinline style=\"pointer-events: none;\" class=\"html5_video_player\">\n        <source src=\"https:\/\/www.s-cab.it\/wp-content\/uploads\/2025\/02\/scab-mondi-workspace-mimosa-581x581-1.mp4\" type=\"video\/mp4\" \/>\n    <\/video>\n    <div class=\"yt-embed-overlay\"><\/div>\n    \n    <\/div>\t\t\t\t\t\t\t\n\t\t\t\t\t\t\t\t\t\t\t\t\t<\/div>\n\t\t\t\t\t\t<div class=\"  col col-sm-12 col-md-2 \">\n\t\t\t\t\t\t<\/div>\n\t\t\t\t\t\t\n\t\t\t\t\t\t<div class=\"d-flex flex-column justify-content-start align-items-baseline  col col-sm-12 col-md-6 wrp_immagine_di_anteprima_2 immagine-testo allinemento_alto\">\n\t\t\t\t\t\t\t\t\t\t\t\t\t\t<a class=\"blocco_1b\" href=\"https:\/\/www.s-cab.it\/es\/selezione\/si-si-es\/\">\n\t\t\t\t\t\t\t\t\t\t\t\t\t\t\t\t\t\t\t\t<div class=\"img_wrp\" style=\"position:relative; overflow:hidden;\">\n\t\t\t\t\t\t\t<img decoding=\"async\" class=\"fadeOnScreen align-self-end\" src=\"https:\/\/www.s-cab.it\/wp-content\/uploads\/2025\/11\/mondi-workspace_sisi_header.webp\" srcset=\"https:\/\/www.s-cab.it\/wp-content\/uploads\/2025\/11\/mondi-workspace_sisi_header.webp\" \/>\n\t\t\t\t\t\t\t<\/div>\n\t\t\t\t\t\t\t\t\t\t\t\t\t\t<div class=\"d-flex blocco_2b\">\n\t\t\t\t\t\t\t\t\t\t\t\t\t\t\t\t<h4 class=\"titolo4 fadeOnScreen\">Colecci\u00f3n Si-si<\/h4>\n\t\t\t\t\t\t\t\t\t\t\t\t\t\t\t\t\t\t\t\t\t\t\t\t<p class=\"standard_text fadeOnScreen\">Design <br\/>Meneghello Paolelli<\/p>\n\t\t\t\t\t\t\t\t\t\t\t\t\t\t\t<\/div>\n\t\t\t\t\t\t\t\t\t\t\t\t\t\t\t<\/a>\n\t\t\t\t\t\t\t\t\t\t\t\t\t<\/div>\n\t\t\t\t\t\t\n\t\t\t\t\t<\/div>\n\t\t\t\t<\/div>\n\n\t\t\t\t\n\n\n<div style=\"height:62px\" aria-hidden=\"true\" class=\"wp-block-spacer\"><\/div>\n\n\n\n<h4 class=\"wp-block-heading titolo4 container-fluid\">En la oficina, enfoc\u00e1ndose en el colectivo &#8211; Los ambientes de trabajo sufren una metamorfosis profunda, con lo cual S\u2022CAB responde con soluciones que favorecen el intercambio, la flexibilidad y el dinamismo. En una oficina cada vez m\u00e1s h\u00edbrida, S\u2022CAB dise\u00f1a y produce muebles orientados al bienestar de los trabajadores y a facilitar sus interacciones.<\/h4>\n\n\n<div id=\"block_6913fc0338e89d832c1ee596f945d7d7-blocco_video_banner\" class=\" fadeOnScreen container-fluid blocco_video_banner block_publifarm   video_background_mp4  \" >\n    <div class=\"row video_wrp d-flex flex-wrap justify-content-center align-items-center\">\n\n        <div class=\"cover_img cover_img_has_overlay_ d-flex justify-content-center align-items-center\" style=\"background-image:url(https:\/\/www.s-cab.it\/wp-content\/uploads\/2024\/11\/mondi-workspace_03-scaled.jpg);\">\n           <\/div>\n    \n\t      <div class=\"fadeOnScreen yt-embed-img_anteprima_1 blocco_immagini_sfalsate_video\" >\n    <video  width=\"560\" height=\"315\" autoplay loop muted playsinline style=\"pointer-events: none;\" class=\"html5_video_player\">\n        <source src=\"https:\/\/www.s-cab.it\/wp-content\/uploads\/2025\/02\/scab-mondi-workspace-mentha-1920x1080-1.mp4\" type=\"video\/mp4\" \/>\n    <\/video>\n    <div class=\"yt-embed-overlay\"><\/div>\n    \n    <\/div>    \n    <\/div>\n\t\n<\/div>\n\n\n<section class=\"wp-block-evidenzio-columns has-background\" style=\"background-color:#fafaf7\"><div class=\"container-fluid\"><div class=\"row\">\n<div class=\"wp-block-evidenzio-column col-12 col-md-12 col-lg\">\n<div style=\"height:61px\" aria-hidden=\"true\" class=\"wp-block-spacer\"><\/div>\n\n\n\n<section class=\"wp-block-evidenzio-columns\"><div class=\"container\"><div class=\"row\">\n<div class=\"wp-block-evidenzio-column col-12 col-md-12 col-lg\">\n<p class=\"standard_text_medium\">Las mesas, las sillas y sillones de S\u2022CAB est\u00e1n concebidos de manera integrada para responder con fluidez y eficiencia a necesidades heterog\u00e9neas. Lineal y limpia, la est\u00e9tica de S\u2022CAB define las coordenadas de un espacio capaz de favorecer el enfoque y la concentraci\u00f3n.<\/p>\n<\/div>\n\n\n\n<div class=\"wp-block-evidenzio-column col-12 col-md-12 col-lg\"><\/div>\n\n\n\n<div class=\"wp-block-evidenzio-column col-12 col-md-12 col-lg\"><\/div>\n<\/div><\/div><\/section>\n<\/div>\n<\/div><\/div><\/section>\n\n\n\n<section class=\"wp-block-evidenzio-columns has-background\" style=\"background-color:#fafaf7\"><div class=\"container-fluid\"><div class=\"row\">\n<div class=\"wp-block-evidenzio-column col-12 col-md-12 col-lg has-colore-tema-2-background-color has-background\">\n<div style=\"height:61px\" aria-hidden=\"true\" class=\"wp-block-spacer\"><\/div>\n\n\n<div id=\"block_e8ec4fa1dceff4cf2997b38a011e5bce-blocco_scrolllaterale\" class=\" fadeOnScreen blocco_scrollalterale block_publifarm\" >\n    <div class=\"  scrollpannel\">\n    <div class=\"scroll_container\">\n    <!-- start container -->\n        <div class=\"first_panel panel \">\n  \n                               \n            <a href=\"https:\/\/www.s-cab.it\/es\/selezione\/mentha-es\/\" class=\"d-flex flex-column justify-content-start  col col-sm-12 col-md-6  wrp_immagine_di_anteprima_1 testo-immagine allinemento_alto\">\n                                <div class=\"d-flex title_wrp\">\n                                                                        <h4 class=\"titolo4 fadeOnScreen\">Colecci\u00f3n Mentha<\/h4>\n                                                                                                            <p class=\"standard_text fadeOnScreen\">Design<br\/>Archirivolto<\/p>\n                                                                    <\/div>\n                                                                     <img decoding=\"async\" loading=\"lazy\" class=\"fadeOnScreen align-self-end\" src=\"https:\/\/www.s-cab.it\/wp-content\/uploads\/2025\/11\/mondi-workspace_mentha_01.webp\" srcset=\"https:\/\/www.s-cab.it\/wp-content\/uploads\/2025\/11\/mondi-workspace_mentha_01.webp\" \/>\n                                \n                                \n                                \n            <\/a>\n            <div class=\"  col col-sm-12 col-md-2\">\n            <\/div>\t\t\t\t\t\n            <a href=\"https:\/\/www.s-cab.it\/es\/selezione\/brezza-es\/\" class=\"d-flex flex-column justify-content-start align-items-baseline col col-sm-12 col-md-4 wrp_immagine_di_anteprima_2 immagine-testo allinemento_basso\">\n                                    <img decoding=\"async\" loading=\"lazy\" class=\"fadeOnScreen align-self-end\" src=\"https:\/\/www.s-cab.it\/wp-content\/uploads\/2025\/12\/Set11_Brezza-Terrazzo-uffici_v01_03-1.webp\" srcset=\"https:\/\/www.s-cab.it\/wp-content\/uploads\/2025\/12\/Set11_Brezza-Terrazzo-uffici_v01_03-1.webp\" \/>\n                                  <div class=\"d-flex title_wrp\">\n                                         <h4 class=\"titolo4 fadeOnScreen\">Colecci\u00f3n Brezza<\/h4>\n                                                             <p class=\"standard_text fadeOnScreen\">Design<br\/>Alessandro Stabile<\/p>\n                                      <\/div>\n            <\/a>\n        <\/div>\n\n            <div class=\"second_panel panel row\">\n               <a href=\"https:\/\/www.s-cab.it\/es\/selezione\/squid-es\/\" class=\"d-flex flex-column justify-content-start  col col-sm-12 col-md-4  wrp_immagine_di_anteprima_1\">\n                                                                    <img decoding=\"async\" loading=\"lazy\" class=\"fadeOnScreen align-self-end\" src=\"https:\/\/www.s-cab.it\/wp-content\/uploads\/2025\/11\/mondi-workspace-squid_03.webp\" srcset=\"https:\/\/www.s-cab.it\/wp-content\/uploads\/2025\/11\/mondi-workspace-squid_03.webp\" \/>\n                                                                 <div class=\"d-flex title_wrp\">\n                                                                        <h4 class=\"titolo4 fadeOnScreen\">Colecci\u00f3n<br\/>Squid<\/h4>\n                                                                                                            <p class=\"standard_text fadeOnScreen\">Design<br\/>RadiceOrlandini DesignStudio<\/p>\n                                                                    <\/div>\n                <\/a>\n            <div class=\"  col col-sm-12 col-md-1\">\n            <\/div>\t\t\t\t\t\n                <a href=\"https:\/\/www.s-cab.it\/es\/selezione\/tiffany-es\/\" class=\"d-flex flex-column justify-content-start align-items-baseline col col-sm-12 col-md-7 wrp_immagine_di_anteprima_2 \">\n                                                                <img decoding=\"async\" loading=\"lazy\" class=\"fadeOnScreen align-self-end\" src=\"https:\/\/www.s-cab.it\/wp-content\/uploads\/2025\/11\/mondi-workspace-tiffany_04.webp\" srcset=\"https:\/\/www.s-cab.it\/wp-content\/uploads\/2025\/11\/mondi-workspace-tiffany_04.webp\" \/>\n                                                                <div class=\"d-flex title_wrp\">\n                                                                        <h4 class=\"titolo4 fadeOnScreen\">Colecci\u00f3n<br\/>Tiffany<\/h4>\n                                                                                                            <p class=\"standard_text fadeOnScreen\">Design<br\/>Centro Stile S\u2022CAB<\/p>\n                                                                    <\/div>\n                 <\/a>\n        <\/div>\n<!-- end container -->\n        <\/div>\n    <\/div>\n<\/div>\n\n\n<div style=\"height:61px\" aria-hidden=\"true\" class=\"wp-block-spacer\"><\/div>\n<\/div>\n<\/div><\/div><\/section>\n\n\n\n<div style=\"height:61px\" aria-hidden=\"true\" class=\"wp-block-spacer\"><\/div>\n\n\n\n<h4 class=\"wp-block-heading has-text-align-center titolo4 container-fluid\">Abrazando el cambio<\/h4>\n\n\n\n<div style=\"height:60px\" aria-hidden=\"true\" class=\"wp-block-spacer\"><\/div>\n\n\n\n<h4 class=\"wp-block-heading has-text-align-left titolo4 container-fluid\">Modulable y reconfigurable, las soluciones para la oficina de S\u2022CAB se adaptan de escala, desde la mesa individual a la sala de reuniones, hasta las \u00e1reas lounge y las salas de conferencias. En una \u00e9poca en la cual la virtualizaci\u00f3n del trabajo se vuelve la nueva normalidad, las propuestas de S\u2022CAB conviven \u00e1gilmente con las nuevas tecnolog\u00edas, creando ambientes que estimulan la colaboraci\u00f3n y un sentido de acogida renovado.<\/h4>\n\n\n\n<div style=\"height:121px\" aria-hidden=\"true\" class=\"wp-block-spacer\"><\/div>\n\n\n\n<section class=\"wp-block-evidenzio-columns\"><div class=\"container-fluid\"><div class=\"row\">\n<div class=\"wp-block-evidenzio-column col-12 col-md-12 col-lg\"><div id=\"block_aad8eea656fbaa53d7b2294d2d72c2fe-blocco_slider_imgs\" class=\" extra_title fadeOnScreen container-fluid blocco_slider_imgs block_publifarm\">\n\t\t\t\t\t<div class=\"row\">\n\t\t\t\t\t\t<div class=\" blocco_slider_imgs_wrp col col-sm-12 col-md-12 swiper\">\n\t\t\t\t\t\t\t<div class=\"swiper-wrapper\">\n\t\t\t\t\t\t\t\t\t\t\t\t\t\t\t\t\t<img decoding=\"async\" loading=\"lazy\" class=\"swiper-slide\" src=\"https:\/\/www.s-cab.it\/wp-content\/uploads\/2024\/12\/mondi-workspace-gallery_12.webp\" \/>\n\t\t\t\t\t\t\t\t\t\t\t\t\t\t\t\t\t<img decoding=\"async\" loading=\"lazy\" class=\"swiper-slide\" src=\"https:\/\/www.s-cab.it\/wp-content\/uploads\/2024\/12\/mondi-workspace-gallery_13.webp\" \/>\n\t\t\t\t\t\t\t\t\t\t\t\t\t\t\t\t\t<img decoding=\"async\" loading=\"lazy\" class=\"swiper-slide\" src=\"https:\/\/www.s-cab.it\/wp-content\/uploads\/2025\/12\/Set05_KoalaOpen_Coworking_V01_03.webp\" \/>\n\t\t\t\t\t\t\t\t\t\t\t\t\t\t\t\t\t<img decoding=\"async\" loading=\"lazy\" class=\"swiper-slide\" src=\"https:\/\/www.s-cab.it\/wp-content\/uploads\/2024\/12\/mondi-workspace-gallery_11.webp\" \/>\n\t\t\t\t\t\t\t\t\t\t\t\t\t\t\t\t\t<img decoding=\"async\" loading=\"lazy\" class=\"swiper-slide\" src=\"https:\/\/www.s-cab.it\/wp-content\/uploads\/2025\/10\/mondi-outdoor-brezza-relax_citta_02.webp\" \/>\n\t\t\t\t\t\t\t\t\t\t\t\t\t\t\t\t\t<img decoding=\"async\" loading=\"lazy\" class=\"swiper-slide\" src=\"https:\/\/www.s-cab.it\/wp-content\/uploads\/2024\/11\/mondi-workspace-gallery_01.webp\" \/>\n\t\t\t\t\t\t\t\t\t\t\t\t\t\t\t\t\t<img decoding=\"async\" loading=\"lazy\" class=\"swiper-slide\" src=\"https:\/\/www.s-cab.it\/wp-content\/uploads\/2024\/11\/mondi-workspace-gallery_03.webp\" \/>\n\t\t\t\t\t\t\t\t\t\t\t\t\t\t\t\t\t<img decoding=\"async\" loading=\"lazy\" class=\"swiper-slide\" src=\"https:\/\/www.s-cab.it\/wp-content\/uploads\/2024\/10\/5007-scab-double-tripe-09.webp\" \/>\n\t\t\t\t\t\t\t\t\t\t\t\t\t\t\t\t\t<img decoding=\"async\" loading=\"lazy\" class=\"swiper-slide\" src=\"https:\/\/www.s-cab.it\/wp-content\/uploads\/2024\/12\/mondi-workspace-gallery_06.webp\" \/>\n\t\t\t\t\t\t\t\t\t\t\t\t\t\t\t\t\t<img decoding=\"async\" loading=\"lazy\" class=\"swiper-slide\" src=\"https:\/\/www.s-cab.it\/wp-content\/uploads\/2024\/12\/mondi-workspace-gallery_07.webp\" \/>\n\t\t\t\t\t\t\t\t\t\t\t\t\t\t\t<\/div>\n\t\t\t\t\t\t<\/div>\n\t\t\t\t\t<\/div>\n<\/div><\/div>\n<\/div><\/div><\/section>\n","protected":false},"excerpt":{"rendered":"<p>En la oficina, enfoc\u00e1ndose en el colectivo &#8211; Los ambientes&#8230;<\/p>\n","protected":false},"author":1,"featured_media":0,"parent":0,"menu_order":0,"comment_status":"closed","ping_status":"closed","template":"","meta":{"_acf_changed":false,"inline_featured_image":false,"footnotes":""},"class_list":["post-102707","page","type-page","status-publish","hentry"],"acf":[],"yoast_head":"<!-- This site is optimized with the Yoast SEO plugin v24.9 - https:\/\/yoast.com\/wordpress\/plugins\/seo\/ -->\n<title>Workspace - S\u2022CAB<\/title>\n<meta name=\"description\" content=\"S\u2022CAB - Workspace - Desde 1957, S\u2022CAB crea muebles de alta calidad, sostenibles y Made in Italy. Descubre nuestra filosof\u00eda, historia y valores.\" \/>\n<meta name=\"robots\" content=\"index, follow, max-snippet:-1, max-image-preview:large, max-video-preview:-1\" \/>\n<link rel=\"canonical\" href=\"https:\/\/www.s-cab.it\/es\/mundos-workspace\/\" \/>\n<meta property=\"og:locale\" content=\"es_ES\" \/>\n<meta property=\"og:type\" content=\"article\" \/>\n<meta property=\"og:title\" content=\"Workspace - S\u2022CAB\" \/>\n<meta property=\"og:description\" content=\"S\u2022CAB - Workspace - Desde 1957, S\u2022CAB crea muebles de alta calidad, sostenibles y Made in Italy. Descubre nuestra filosof\u00eda, historia y valores.\" \/>\n<meta property=\"og:url\" content=\"https:\/\/www.s-cab.it\/es\/mundos-workspace\/\" \/>\n<meta property=\"og:site_name\" content=\"S\u2022CAB\" \/>\n<meta property=\"article:modified_time\" content=\"2025-12-04T14:09:50+00:00\" \/>\n<meta name=\"twitter:card\" content=\"summary_large_image\" \/>\n<meta name=\"twitter:label1\" content=\"Tiempo de lectura\" \/>\n\t<meta name=\"twitter:data1\" content=\"1 minuto\" \/>\n<script type=\"application\/ld+json\" class=\"yoast-schema-graph\">{\"@context\":\"https:\/\/schema.org\",\"@graph\":[{\"@type\":\"WebPage\",\"@id\":\"https:\/\/www.s-cab.it\/es\/mundos-workspace\/\",\"url\":\"https:\/\/www.s-cab.it\/es\/mundos-workspace\/\",\"name\":\"Workspace - S\u2022CAB\",\"isPartOf\":{\"@id\":\"https:\/\/www.s-cab.it\/es\/#website\"},\"datePublished\":\"2024-11-14T16:16:06+00:00\",\"dateModified\":\"2025-12-04T14:09:50+00:00\",\"description\":\"S\u2022CAB - Workspace - Desde 1957, S\u2022CAB crea muebles de alta calidad, sostenibles y Made in Italy. Descubre nuestra filosof\u00eda, historia y valores.\",\"breadcrumb\":{\"@id\":\"https:\/\/www.s-cab.it\/es\/mundos-workspace\/#breadcrumb\"},\"inLanguage\":\"es\",\"potentialAction\":[{\"@type\":\"ReadAction\",\"target\":[\"https:\/\/www.s-cab.it\/es\/mundos-workspace\/\"]}]},{\"@type\":\"BreadcrumbList\",\"@id\":\"https:\/\/www.s-cab.it\/es\/mundos-workspace\/#breadcrumb\",\"itemListElement\":[{\"@type\":\"ListItem\",\"position\":1,\"name\":\"Home\",\"item\":\"https:\/\/www.s-cab.it\/es\/\"},{\"@type\":\"ListItem\",\"position\":2,\"name\":\"Workspace\"}]},{\"@type\":\"WebSite\",\"@id\":\"https:\/\/www.s-cab.it\/es\/#website\",\"url\":\"https:\/\/www.s-cab.it\/es\/\",\"name\":\"S\u2022CAB\",\"description\":\"\",\"potentialAction\":[{\"@type\":\"SearchAction\",\"target\":{\"@type\":\"EntryPoint\",\"urlTemplate\":\"https:\/\/www.s-cab.it\/es\/?s={search_term_string}\"},\"query-input\":{\"@type\":\"PropertyValueSpecification\",\"valueRequired\":true,\"valueName\":\"search_term_string\"}}],\"inLanguage\":\"es\"}]}<\/script>\n<!-- \/ Yoast SEO plugin. -->","yoast_head_json":{"title":"Workspace - S\u2022CAB","description":"S\u2022CAB - Workspace - Desde 1957, S\u2022CAB crea muebles de alta calidad, sostenibles y Made in Italy. Descubre nuestra filosof\u00eda, historia y valores.","robots":{"index":"index","follow":"follow","max-snippet":"max-snippet:-1","max-image-preview":"max-image-preview:large","max-video-preview":"max-video-preview:-1"},"canonical":"https:\/\/www.s-cab.it\/es\/mundos-workspace\/","og_locale":"es_ES","og_type":"article","og_title":"Workspace - S\u2022CAB","og_description":"S\u2022CAB - Workspace - Desde 1957, S\u2022CAB crea muebles de alta calidad, sostenibles y Made in Italy. Descubre nuestra filosof\u00eda, historia y valores.","og_url":"https:\/\/www.s-cab.it\/es\/mundos-workspace\/","og_site_name":"S\u2022CAB","article_modified_time":"2025-12-04T14:09:50+00:00","twitter_card":"summary_large_image","twitter_misc":{"Tiempo de lectura":"1 minuto"},"schema":{"@context":"https:\/\/schema.org","@graph":[{"@type":"WebPage","@id":"https:\/\/www.s-cab.it\/es\/mundos-workspace\/","url":"https:\/\/www.s-cab.it\/es\/mundos-workspace\/","name":"Workspace - S\u2022CAB","isPartOf":{"@id":"https:\/\/www.s-cab.it\/es\/#website"},"datePublished":"2024-11-14T16:16:06+00:00","dateModified":"2025-12-04T14:09:50+00:00","description":"S\u2022CAB - Workspace - Desde 1957, S\u2022CAB crea muebles de alta calidad, sostenibles y Made in Italy. Descubre nuestra filosof\u00eda, historia y valores.","breadcrumb":{"@id":"https:\/\/www.s-cab.it\/es\/mundos-workspace\/#breadcrumb"},"inLanguage":"es","potentialAction":[{"@type":"ReadAction","target":["https:\/\/www.s-cab.it\/es\/mundos-workspace\/"]}]},{"@type":"BreadcrumbList","@id":"https:\/\/www.s-cab.it\/es\/mundos-workspace\/#breadcrumb","itemListElement":[{"@type":"ListItem","position":1,"name":"Home","item":"https:\/\/www.s-cab.it\/es\/"},{"@type":"ListItem","position":2,"name":"Workspace"}]},{"@type":"WebSite","@id":"https:\/\/www.s-cab.it\/es\/#website","url":"https:\/\/www.s-cab.it\/es\/","name":"S\u2022CAB","description":"","potentialAction":[{"@type":"SearchAction","target":{"@type":"EntryPoint","urlTemplate":"https:\/\/www.s-cab.it\/es\/?s={search_term_string}"},"query-input":{"@type":"PropertyValueSpecification","valueRequired":true,"valueName":"search_term_string"}}],"inLanguage":"es"}]}},"_links":{"self":[{"href":"https:\/\/www.s-cab.it\/es\/wp-json\/wp\/v2\/pages\/102707","targetHints":{"allow":["GET"]}}],"collection":[{"href":"https:\/\/www.s-cab.it\/es\/wp-json\/wp\/v2\/pages"}],"about":[{"href":"https:\/\/www.s-cab.it\/es\/wp-json\/wp\/v2\/types\/page"}],"author":[{"embeddable":true,"href":"https:\/\/www.s-cab.it\/es\/wp-json\/wp\/v2\/users\/1"}],"replies":[{"embeddable":true,"href":"https:\/\/www.s-cab.it\/es\/wp-json\/wp\/v2\/comments?post=102707"}],"version-history":[{"count":8,"href":"https:\/\/www.s-cab.it\/es\/wp-json\/wp\/v2\/pages\/102707\/revisions"}],"predecessor-version":[{"id":146626,"href":"https:\/\/www.s-cab.it\/es\/wp-json\/wp\/v2\/pages\/102707\/revisions\/146626"}],"wp:attachment":[{"href":"https:\/\/www.s-cab.it\/es\/wp-json\/wp\/v2\/media?parent=102707"}],"curies":[{"name":"wp","href":"https:\/\/api.w.org\/{rel}","templated":true}]}}