{"id":75428,"date":"2024-11-11T09:17:16","date_gmt":"2024-11-11T08:17:16","guid":{"rendered":"https:\/\/www.s-cab.it\/designers\/"},"modified":"2025-02-21T16:08:26","modified_gmt":"2025-02-21T15:08:26","slug":"designers","status":"publish","type":"page","link":"https:\/\/www.s-cab.it\/fr\/designers\/","title":{"rendered":"Designers"},"content":{"rendered":"\n<p class=\"container-fluid has-medium-font-size\">Les personnes sont au c\u0153ur de notre entreprise. Nos designers ne sont pas seulement des collaborateurs, ils sont les membres d&rsquo;une grande famille unie par une vision commune. Leur cr\u00e9ativit\u00e9, aliment\u00e9e par une passion pour l&rsquo;esth\u00e9tique et l&rsquo;excellence, donne naissance \u00e0 des meubles qui d\u00e9passent toutes les attentes. C&rsquo;est la fiert\u00e9 du travail bien fait qui nous pousse chaque jour \u00e0 aller plus loin.<\/p>\n\n\n\n<div style=\"height:100px\" aria-hidden=\"true\" class=\"wp-block-spacer\"><\/div>\n\n\n\n<p class=\"container-fluid has-medium-font-size\"><br><\/p>\n\n\n<div id=\"block_d69d996257535b5b9672e5b05978b22e-blocco_preview_designers\" class=\" fadeOnScreen container-fluid blocco_preview_designers block_publifarm\" >\n\n    <div class=\"designers_archive d-flex flex-column\">\n                                                <a href=\"https:\/\/www.s-cab.it\/fr\/designer_prodtax\/keiji-takeuchi-fr\/\" class=\"titolo4 fadeOnScreen\">Keiji Takeuchi<\/a>\n                                                            <a href=\"https:\/\/www.s-cab.it\/fr\/designer_prodtax\/simone-bonanni-fr\/\" class=\"titolo4 fadeOnScreen\">Simone Bonanni<\/a>\n                                                            <a href=\"https:\/\/www.s-cab.it\/fr\/designer_prodtax\/maddalena-casadei-fr\/\" class=\"titolo4 fadeOnScreen\">Maddalena Casadei<\/a>\n                                                            <a href=\"https:\/\/www.s-cab.it\/fr\/designer_prodtax\/zaven-fr\/\" class=\"titolo4 fadeOnScreen\">Zaven<\/a>\n                                                            <a href=\"https:\/\/www.s-cab.it\/fr\/designer_prodtax\/spalvieri-del-ciotto-fr\/\" class=\"titolo4 fadeOnScreen\">Spalvieri &amp; Del Ciotto<\/a>\n                                                            <a href=\"https:\/\/www.s-cab.it\/fr\/designer_prodtax\/francesca-lanzavecchia-fr\/\" class=\"titolo4 fadeOnScreen\">Francesca Lanzavecchia<\/a>\n                                                            <a href=\"https:\/\/www.s-cab.it\/fr\/designer_prodtax\/ionna-vautrin-fr\/\" class=\"titolo4 fadeOnScreen\">Ionna Vautrin<\/a>\n                                                            <a href=\"https:\/\/www.s-cab.it\/fr\/designer_prodtax\/alessandro-stabile-fr\/\" class=\"titolo4 fadeOnScreen\">Alessandro Stabile<\/a>\n                                                            <a href=\"https:\/\/www.s-cab.it\/fr\/designer_prodtax\/archirivolto-fr\/\" class=\"titolo4 fadeOnScreen\">Archirivolto<\/a>\n                                                            <a href=\"https:\/\/www.s-cab.it\/fr\/designer_prodtax\/gumdesign-fr\/\" class=\"titolo4 fadeOnScreen\">gumdesign<\/a>\n                                                            <a href=\"https:\/\/www.s-cab.it\/fr\/designer_prodtax\/meneghello-paolelli-fr\/\" class=\"titolo4 fadeOnScreen\">Meneghello Paolelli<\/a>\n                                                            <a href=\"https:\/\/www.s-cab.it\/fr\/designer_prodtax\/radiceorlandini-designstudio-fr\/\" class=\"titolo4 fadeOnScreen\">RadiceOrlandini<\/a>\n                                                            <a href=\"https:\/\/www.s-cab.it\/fr\/designer_prodtax\/marcello-ziliani-fr\/\" class=\"titolo4 fadeOnScreen\">Marcello Ziliani<\/a>\n                                                            <a href=\"https:\/\/www.s-cab.it\/fr\/designer_prodtax\/gianluca-pasotti-fr\/\" class=\"titolo4 fadeOnScreen\">Gianluca Pasotti<\/a>\n                                                            <a href=\"https:\/\/www.s-cab.it\/fr\/designer_prodtax\/luisa-battaglia-fr\/\" class=\"titolo4 fadeOnScreen\">Luisa Battaglia<\/a>\n                                                            <a href=\"https:\/\/www.s-cab.it\/fr\/designer_prodtax\/studio-zetass-fr\/\" class=\"titolo4 fadeOnScreen\">Studio Zetass<\/a>\n                                                            <a href=\"https:\/\/www.s-cab.it\/fr\/designer_prodtax\/roberto-semprini-fr\/\" class=\"titolo4 fadeOnScreen\">Roberto Semprini<\/a>\n                                                            <a href=\"https:\/\/www.s-cab.it\/fr\/designer_prodtax\/centro-stile-scab-fr\/\" class=\"titolo4 fadeOnScreen\">Centro Stile S\u2022CAB<\/a>\n                        <\/div>\n    <div class=\"designers_archive_imgs\">\n                    <img decoding=\"async\" loading=\"lazy\" class=\"desinger_img\" src=\"https:\/\/www.s-cab.it\/wp-content\/uploads\/2026\/03\/keiji_takeuchi.webp\" \/>\n                    <img decoding=\"async\" loading=\"lazy\" class=\"desinger_img\" src=\"https:\/\/www.s-cab.it\/wp-content\/uploads\/2026\/03\/simone_bonanni.webp\" \/>\n                    <img decoding=\"async\" loading=\"lazy\" class=\"desinger_img\" src=\"https:\/\/www.s-cab.it\/wp-content\/uploads\/2025\/03\/maddalena-casadei.webp\" \/>\n                    <img decoding=\"async\" loading=\"lazy\" class=\"desinger_img\" src=\"https:\/\/www.s-cab.it\/wp-content\/uploads\/2025\/03\/zaven.webp\" \/>\n                    <img decoding=\"async\" loading=\"lazy\" class=\"desinger_img\" src=\"https:\/\/www.s-cab.it\/wp-content\/uploads\/2024\/11\/spalvieri-del-ciotto.webp\" \/>\n                    <img decoding=\"async\" loading=\"lazy\" class=\"desinger_img\" src=\"https:\/\/www.s-cab.it\/wp-content\/uploads\/2024\/11\/francesca-lanzavecchia.webp\" \/>\n                    <img decoding=\"async\" loading=\"lazy\" class=\"desinger_img\" src=\"https:\/\/www.s-cab.it\/wp-content\/uploads\/2024\/11\/ionna-vautrin.webp\" \/>\n                    <img decoding=\"async\" loading=\"lazy\" class=\"desinger_img\" src=\"https:\/\/www.s-cab.it\/wp-content\/uploads\/2024\/11\/alessandro-stabile.webp\" \/>\n                    <img decoding=\"async\" loading=\"lazy\" class=\"desinger_img\" src=\"https:\/\/www.s-cab.it\/wp-content\/uploads\/2024\/11\/archirivolto.webp\" \/>\n                    <img decoding=\"async\" loading=\"lazy\" class=\"desinger_img\" src=\"https:\/\/www.s-cab.it\/wp-content\/uploads\/2024\/11\/gumdesign.webp\" \/>\n                    <img decoding=\"async\" loading=\"lazy\" class=\"desinger_img\" src=\"https:\/\/www.s-cab.it\/wp-content\/uploads\/2024\/11\/meneghello-paolelli.webp\" \/>\n                    <img decoding=\"async\" loading=\"lazy\" class=\"desinger_img\" src=\"https:\/\/www.s-cab.it\/wp-content\/uploads\/2024\/11\/radici-orlandini.webp\" \/>\n                    <img decoding=\"async\" loading=\"lazy\" class=\"desinger_img\" src=\"https:\/\/www.s-cab.it\/wp-content\/uploads\/2024\/11\/marcello-ziliani.webp\" \/>\n                    <img decoding=\"async\" loading=\"lazy\" class=\"desinger_img\" src=\"https:\/\/www.s-cab.it\/wp-content\/uploads\/2024\/11\/gianluca-pasotti.webp\" \/>\n                    <img decoding=\"async\" loading=\"lazy\" class=\"desinger_img\" src=\"https:\/\/www.s-cab.it\/wp-content\/uploads\/2024\/11\/luisa-battaglia.webp\" \/>\n                    <img decoding=\"async\" loading=\"lazy\" class=\"desinger_img\" src=\"https:\/\/www.s-cab.it\/wp-content\/uploads\/2024\/11\/studio-zetass.webp\" \/>\n                    <img decoding=\"async\" loading=\"lazy\" class=\"desinger_img\" src=\"https:\/\/www.s-cab.it\/wp-content\/uploads\/2024\/11\/roberto-semprini.webp\" \/>\n                    <img decoding=\"async\" loading=\"lazy\" class=\"desinger_img\" src=\"https:\/\/www.s-cab.it\/wp-content\/uploads\/2024\/11\/centro-stile-scab.webp\" \/>\n            <\/div>\n<\/div>\n\n\n<div style=\"height:100px\" aria-hidden=\"true\" class=\"wp-block-spacer\"><\/div>\n","protected":false},"excerpt":{"rendered":"<p>Les personnes sont au c\u0153ur de notre entreprise. Nos designers&#8230;<\/p>\n","protected":false},"author":1,"featured_media":0,"parent":0,"menu_order":0,"comment_status":"closed","ping_status":"closed","template":"","meta":{"_acf_changed":false,"inline_featured_image":false,"footnotes":""},"class_list":["post-75428","page","type-page","status-publish","hentry"],"acf":[],"yoast_head":"<!-- This site is optimized with the Yoast SEO plugin v24.9 - https:\/\/yoast.com\/wordpress\/plugins\/seo\/ -->\n<title>Designers - S\u2022CAB<\/title>\n<meta name=\"description\" content=\"S\u2022CAB - Designers - Depuis 1957, S\u2022CAB cr\u00e9e des meubles de qualit\u00e9, durables et Made in Italy. D\u00e9couvrez notre philosophie, notre histoire et nos valeurs.\" \/>\n<meta name=\"robots\" content=\"index, follow, max-snippet:-1, max-image-preview:large, max-video-preview:-1\" \/>\n<link rel=\"canonical\" href=\"https:\/\/www.s-cab.it\/fr\/designers\/\" \/>\n<meta property=\"og:locale\" content=\"fr_FR\" \/>\n<meta property=\"og:type\" content=\"article\" \/>\n<meta property=\"og:title\" content=\"Designers - S\u2022CAB\" \/>\n<meta property=\"og:description\" content=\"S\u2022CAB - Designers - Depuis 1957, S\u2022CAB cr\u00e9e des meubles de qualit\u00e9, durables et Made in Italy. D\u00e9couvrez notre philosophie, notre histoire et nos valeurs.\" \/>\n<meta property=\"og:url\" content=\"https:\/\/www.s-cab.it\/fr\/designers\/\" \/>\n<meta property=\"og:site_name\" content=\"S\u2022CAB\" \/>\n<meta property=\"article:modified_time\" content=\"2025-02-21T15:08:26+00:00\" \/>\n<meta name=\"twitter:card\" content=\"summary_large_image\" \/>\n<script type=\"application\/ld+json\" class=\"yoast-schema-graph\">{\"@context\":\"https:\/\/schema.org\",\"@graph\":[{\"@type\":\"WebPage\",\"@id\":\"https:\/\/www.s-cab.it\/fr\/designers\/\",\"url\":\"https:\/\/www.s-cab.it\/fr\/designers\/\",\"name\":\"Designers - S\u2022CAB\",\"isPartOf\":{\"@id\":\"https:\/\/www.s-cab.it\/fr\/#website\"},\"datePublished\":\"2024-11-11T08:17:16+00:00\",\"dateModified\":\"2025-02-21T15:08:26+00:00\",\"description\":\"S\u2022CAB - Designers - Depuis 1957, S\u2022CAB cr\u00e9e des meubles de qualit\u00e9, durables et Made in Italy. D\u00e9couvrez notre philosophie, notre histoire et nos valeurs.\",\"breadcrumb\":{\"@id\":\"https:\/\/www.s-cab.it\/fr\/designers\/#breadcrumb\"},\"inLanguage\":\"fr-FR\",\"potentialAction\":[{\"@type\":\"ReadAction\",\"target\":[\"https:\/\/www.s-cab.it\/fr\/designers\/\"]}]},{\"@type\":\"BreadcrumbList\",\"@id\":\"https:\/\/www.s-cab.it\/fr\/designers\/#breadcrumb\",\"itemListElement\":[{\"@type\":\"ListItem\",\"position\":1,\"name\":\"Home\",\"item\":\"https:\/\/www.s-cab.it\/fr\/\"},{\"@type\":\"ListItem\",\"position\":2,\"name\":\"Designers\"}]},{\"@type\":\"WebSite\",\"@id\":\"https:\/\/www.s-cab.it\/fr\/#website\",\"url\":\"https:\/\/www.s-cab.it\/fr\/\",\"name\":\"S\u2022CAB\",\"description\":\"\",\"potentialAction\":[{\"@type\":\"SearchAction\",\"target\":{\"@type\":\"EntryPoint\",\"urlTemplate\":\"https:\/\/www.s-cab.it\/fr\/?s={search_term_string}\"},\"query-input\":{\"@type\":\"PropertyValueSpecification\",\"valueRequired\":true,\"valueName\":\"search_term_string\"}}],\"inLanguage\":\"fr-FR\"}]}<\/script>\n<!-- \/ Yoast SEO plugin. -->","yoast_head_json":{"title":"Designers - S\u2022CAB","description":"S\u2022CAB - Designers - Depuis 1957, S\u2022CAB cr\u00e9e des meubles de qualit\u00e9, durables et Made in Italy. D\u00e9couvrez notre philosophie, notre histoire et nos valeurs.","robots":{"index":"index","follow":"follow","max-snippet":"max-snippet:-1","max-image-preview":"max-image-preview:large","max-video-preview":"max-video-preview:-1"},"canonical":"https:\/\/www.s-cab.it\/fr\/designers\/","og_locale":"fr_FR","og_type":"article","og_title":"Designers - S\u2022CAB","og_description":"S\u2022CAB - Designers - Depuis 1957, S\u2022CAB cr\u00e9e des meubles de qualit\u00e9, durables et Made in Italy. D\u00e9couvrez notre philosophie, notre histoire et nos valeurs.","og_url":"https:\/\/www.s-cab.it\/fr\/designers\/","og_site_name":"S\u2022CAB","article_modified_time":"2025-02-21T15:08:26+00:00","twitter_card":"summary_large_image","schema":{"@context":"https:\/\/schema.org","@graph":[{"@type":"WebPage","@id":"https:\/\/www.s-cab.it\/fr\/designers\/","url":"https:\/\/www.s-cab.it\/fr\/designers\/","name":"Designers - S\u2022CAB","isPartOf":{"@id":"https:\/\/www.s-cab.it\/fr\/#website"},"datePublished":"2024-11-11T08:17:16+00:00","dateModified":"2025-02-21T15:08:26+00:00","description":"S\u2022CAB - Designers - Depuis 1957, S\u2022CAB cr\u00e9e des meubles de qualit\u00e9, durables et Made in Italy. D\u00e9couvrez notre philosophie, notre histoire et nos valeurs.","breadcrumb":{"@id":"https:\/\/www.s-cab.it\/fr\/designers\/#breadcrumb"},"inLanguage":"fr-FR","potentialAction":[{"@type":"ReadAction","target":["https:\/\/www.s-cab.it\/fr\/designers\/"]}]},{"@type":"BreadcrumbList","@id":"https:\/\/www.s-cab.it\/fr\/designers\/#breadcrumb","itemListElement":[{"@type":"ListItem","position":1,"name":"Home","item":"https:\/\/www.s-cab.it\/fr\/"},{"@type":"ListItem","position":2,"name":"Designers"}]},{"@type":"WebSite","@id":"https:\/\/www.s-cab.it\/fr\/#website","url":"https:\/\/www.s-cab.it\/fr\/","name":"S\u2022CAB","description":"","potentialAction":[{"@type":"SearchAction","target":{"@type":"EntryPoint","urlTemplate":"https:\/\/www.s-cab.it\/fr\/?s={search_term_string}"},"query-input":{"@type":"PropertyValueSpecification","valueRequired":true,"valueName":"search_term_string"}}],"inLanguage":"fr-FR"}]}},"_links":{"self":[{"href":"https:\/\/www.s-cab.it\/fr\/wp-json\/wp\/v2\/pages\/75428","targetHints":{"allow":["GET"]}}],"collection":[{"href":"https:\/\/www.s-cab.it\/fr\/wp-json\/wp\/v2\/pages"}],"about":[{"href":"https:\/\/www.s-cab.it\/fr\/wp-json\/wp\/v2\/types\/page"}],"author":[{"embeddable":true,"href":"https:\/\/www.s-cab.it\/fr\/wp-json\/wp\/v2\/users\/1"}],"replies":[{"embeddable":true,"href":"https:\/\/www.s-cab.it\/fr\/wp-json\/wp\/v2\/comments?post=75428"}],"version-history":[{"count":0,"href":"https:\/\/www.s-cab.it\/fr\/wp-json\/wp\/v2\/pages\/75428\/revisions"}],"wp:attachment":[{"href":"https:\/\/www.s-cab.it\/fr\/wp-json\/wp\/v2\/media?parent=75428"}],"curies":[{"name":"wp","href":"https:\/\/api.w.org\/{rel}","templated":true}]}}